{"id":1061,"date":"2024-07-16T19:29:01","date_gmt":"2024-07-16T19:29:01","guid":{"rendered":"https:\/\/faciapmulher.org.br\/?page_id=1061"},"modified":"2026-01-09T20:24:30","modified_gmt":"2026-01-09T20:24:30","slug":"galeria","status":"publish","type":"page","link":"https:\/\/faciapmulher.org.br\/?page_id=1061","title":{"rendered":"Galeria de fotos"},"content":{"rendered":"\t\t<div data-elementor-type=\"wp-page\" data-elementor-id=\"1061\" class=\"elementor elementor-1061\" data-elementor-post-type=\"page\">\n\t\t\t\t<div class=\"elementor-element elementor-element-c5254c0 top-banner-container e-flex e-con-boxed e-con e-parent\" data-id=\"c5254c0\" data-element_type=\"container\" data-e-type=\"container\">\n\t\t\t\t\t<div class=\"e-con-inner\">\n\t\t\t\t<div class=\"elementor-element elementor-element-556fe87 elementor-widget elementor-widget-image\" data-id=\"556fe87\" data-element_type=\"widget\" data-e-type=\"widget\" data-widget_type=\"image.default\">\n\t\t\t\t<div class=\"elementor-widget-container\">\n\t\t\t\t\t\t\t\t\t\t\t\t\t\t\t<img fetchpriority=\"high\" decoding=\"async\" width=\"1440\" height=\"442\" src=\"https:\/\/faciapmulher.org.br\/wp-content\/uploads\/2025\/10\/IMG_PADRAO_ZIONACES_GALERIA_FOTOS.jpg\" class=\"attachment-full size-full wp-image-96110\" alt=\"\" srcset=\"https:\/\/faciapmulher.org.br\/wp-content\/uploads\/2025\/10\/IMG_PADRAO_ZIONACES_GALERIA_FOTOS.jpg 1440w, https:\/\/faciapmulher.org.br\/wp-content\/uploads\/2025\/10\/IMG_PADRAO_ZIONACES_GALERIA_FOTOS-300x92.jpg 300w, https:\/\/faciapmulher.org.br\/wp-content\/uploads\/2025\/10\/IMG_PADRAO_ZIONACES_GALERIA_FOTOS-1024x314.jpg 1024w, https:\/\/faciapmulher.org.br\/wp-content\/uploads\/2025\/10\/IMG_PADRAO_ZIONACES_GALERIA_FOTOS-768x236.jpg 768w\" sizes=\"(max-width: 1440px) 100vw, 1440px\" \/>\t\t\t\t\t\t\t\t\t\t\t\t\t\t\t<\/div>\n\t\t\t\t<\/div>\n\t\t\t\t\t<\/div>\n\t\t\t\t<\/div>\n\t\t<div class=\"elementor-element elementor-element-cefc9a3 e-flex e-con-boxed e-con e-parent\" data-id=\"cefc9a3\" data-element_type=\"container\" data-e-type=\"container\">\n\t\t\t\t\t<div class=\"e-con-inner\">\n\t\t\t\t<div class=\"elementor-element elementor-element-118634b elementor-widget elementor-widget-heading\" data-id=\"118634b\" data-element_type=\"widget\" data-e-type=\"widget\" data-widget_type=\"heading.default\">\n\t\t\t\t<div class=\"elementor-widget-container\">\n\t\t\t\t\t<h2 class=\"elementor-heading-title elementor-size-default\">Galerias de fotos<\/h2>\t\t\t\t<\/div>\n\t\t\t\t<\/div>\n\t\t\t\t<div class=\"elementor-element elementor-element-c7aa4bf elementor-widget elementor-widget-taxonomy-filter\" data-id=\"c7aa4bf\" data-element_type=\"widget\" data-e-type=\"widget\" data-settings=\"{&quot;selected_element&quot;:&quot;d69c571&quot;,&quot;taxonomy&quot;:&quot;categoria-galeria&quot;,&quot;item_alignment_horizontal&quot;:&quot;center&quot;,&quot;horizontal_scroll&quot;:&quot;disable&quot;}\" data-widget_type=\"taxonomy-filter.default\">\n\t\t\t\t<div class=\"elementor-widget-container\">\n\t\t\t\t\t\t\t<search class=\"e-filter\" role=\"search\" data-base-url=\"https:\/\/faciapmulher.org.br\/\" data-page-num=\"1\">\n\t\t\t\t\t\t\t<button class=\"e-filter-item\" data-filter=\"eventos\" aria-pressed=\"false\">Eventos<\/button>\n\t\t\t\n\t\t\t\t\t\t\t\t\t<button class=\"e-filter-item\" data-filter=\"__all\" aria-pressed=\"true\">\n\t\t\t\tTodos\t\t\t<\/button>\n\t\t\t\t\t<\/search>\n\t\t\t\t\t\t<\/div>\n\t\t\t\t<\/div>\n\t\t\t\t<div class=\"elementor-element elementor-element-d69c571 elementor-grid-3 elementor-grid-tablet-2 elementor-grid-mobile-1 elementor-widget elementor-widget-loop-grid\" data-id=\"d69c571\" data-element_type=\"widget\" data-e-type=\"widget\" data-settings=\"{&quot;template_id&quot;:&quot;1067&quot;,&quot;pagination_type&quot;:&quot;numbers_and_prev_next&quot;,&quot;_skin&quot;:&quot;post&quot;,&quot;columns&quot;:&quot;3&quot;,&quot;columns_tablet&quot;:&quot;2&quot;,&quot;columns_mobile&quot;:&quot;1&quot;,&quot;edit_handle_selector&quot;:&quot;[data-elementor-type=\\&quot;loop-item\\&quot;]&quot;,&quot;pagination_load_type&quot;:&quot;page_reload&quot;,&quot;row_gap&quot;:{&quot;unit&quot;:&quot;px&quot;,&quot;size&quot;:&quot;&quot;,&quot;sizes&quot;:[]},&quot;row_gap_tablet&quot;:{&quot;unit&quot;:&quot;px&quot;,&quot;size&quot;:&quot;&quot;,&quot;sizes&quot;:[]},&quot;row_gap_mobile&quot;:{&quot;unit&quot;:&quot;px&quot;,&quot;size&quot;:&quot;&quot;,&quot;sizes&quot;:[]}}\" data-widget_type=\"loop-grid.post\">\n\t\t\t\t<div class=\"elementor-widget-container\">\n\t\t\t\t\t\t\t<div class=\"elementor-loop-container elementor-grid\" role=\"list\">\n\t\t<style id=\"loop-1067\">.elementor-1067 .elementor-element.elementor-element-2023135{--display:flex;}.elementor-1067 .elementor-element.elementor-element-e8c407b > .elementor-widget-container{margin:0px 0px 0px 0px;padding:0px 0px 0px 0px;}.elementor-1067 .elementor-element.elementor-element-e8c407b.elementor-element{--align-self:flex-end;}body:not(.rtl) .elementor-1067 .elementor-element.elementor-element-e8c407b{right:18px;}body.rtl .elementor-1067 .elementor-element.elementor-element-e8c407b{left:18px;}.elementor-1067 .elementor-element.elementor-element-e8c407b{top:28px;z-index:9;}.elementor-widget-call-to-action .elementor-cta__title{font-family:var( --e-global-typography-primary-font-family ), Sans-serif;font-weight:var( --e-global-typography-primary-font-weight );}.elementor-widget-call-to-action .elementor-cta__description{font-family:var( --e-global-typography-text-font-family ), Sans-serif;font-weight:var( --e-global-typography-text-font-weight );}.elementor-widget-call-to-action .elementor-cta__button{font-family:var( --e-global-typography-accent-font-family ), Sans-serif;font-weight:var( --e-global-typography-accent-font-weight );}.elementor-widget-call-to-action .elementor-ribbon-inner{background-color:var( --e-global-color-accent );font-family:var( --e-global-typography-accent-font-family ), Sans-serif;font-weight:var( --e-global-typography-accent-font-weight );}.elementor-1067 .elementor-element.elementor-element-eba802b .elementor-cta__content{text-align:left;}.elementor-1067 .elementor-element.elementor-element-eba802b .elementor-cta__title{font-family:\"Inter\", Sans-serif;font-size:18px;font-weight:600;}.elementor-1067 .elementor-element.elementor-element-eba802b .elementor-cta__description{font-family:\"Inter\", Sans-serif;font-size:14px;font-weight:400;}.elementor-1067 .elementor-element.elementor-element-eba802b .elementor-cta:not(:hover) .elementor-cta__bg-overlay{background-color:#00000073;}.elementor-1067 .elementor-element.elementor-element-eba802b .elementor-cta:hover .elementor-cta__bg-overlay{background-color:#FFFFFF00;}.elementor-1067 .elementor-element.elementor-element-eba802b .elementor-cta .elementor-cta__bg, .elementor-1067 .elementor-element.elementor-element-eba802b .elementor-cta .elementor-cta__bg-overlay{transition-duration:1500ms;}.elementor-1067 .elementor-element.elementor-element-eba802b > .elementor-widget-container{border-radius:12px 12px 12px 12px;}<\/style>\t\t<div data-elementor-type=\"loop-item\" data-elementor-id=\"1067\" class=\"elementor elementor-1067 e-loop-item e-loop-item-147384 post-147384 galeria-de-foto type-galeria-de-foto status-publish has-post-thumbnail hentry categoria-galeria-eventos\" data-elementor-post-type=\"elementor_library\" data-custom-edit-handle=\"1\">\n\t\t\t<div class=\"elementor-element elementor-element-2023135 e-flex e-con-boxed e-con e-parent\" data-id=\"2023135\" data-element_type=\"container\" data-e-type=\"container\">\n\t\t\t\t\t<div class=\"e-con-inner\">\n\t\t\t\t<div class=\"elementor-element elementor-element-e8c407b elementor-absolute elementor-widget elementor-widget-shortcode\" data-id=\"e8c407b\" data-element_type=\"widget\" data-e-type=\"widget\" data-settings=\"{&quot;_position&quot;:&quot;absolute&quot;}\" data-widget_type=\"shortcode.default\">\n\t\t\t\t<div class=\"elementor-widget-container\">\n\t\t\t\t\t\t\t<div class=\"elementor-shortcode\"><span style=\"padding: 5px; background-color: var(--e-global-color-7199e26); color: #000000; margin-right: 5px;\">Eventos<\/span><\/div>\n\t\t\t\t\t\t<\/div>\n\t\t\t\t<\/div>\n\t\t\t\t<div class=\"elementor-element elementor-element-eba802b elementor-cta--skin-cover elementor-cta--valign-bottom elementor-bg-transform elementor-bg-transform-zoom-in elementor-widget elementor-widget-call-to-action\" data-id=\"eba802b\" data-element_type=\"widget\" data-e-type=\"widget\" data-widget_type=\"call-to-action.default\">\n\t\t\t\t<div class=\"elementor-widget-container\">\n\t\t\t\t\t\t\t<a class=\"elementor-cta\" href=\"https:\/\/faciapmulher.org.br\/?galeria-de-foto=iii-certifica-faciap-mulher\">\n\t\t\t\t\t<div class=\"elementor-cta__bg-wrapper\">\n\t\t\t\t<div class=\"elementor-cta__bg elementor-bg\" style=\"background-image: url(https:\/\/faciapmulher.org.br\/wp-content\/uploads\/2026\/03\/upload_69c52f078cc5bjpg.jpg);\" role=\"img\" aria-label=\"upload_69c52f078cc5bjpg\"><\/div>\n\t\t\t\t<div class=\"elementor-cta__bg-overlay\"><\/div>\n\t\t\t<\/div>\n\t\t\t\t\t\t\t<div class=\"elementor-cta__content\">\n\t\t\t\t\n\t\t\t\t\t\t\t\t\t<h2 class=\"elementor-cta__title elementor-cta__content-item elementor-content-item\">\n\t\t\t\t\t\tIII certifica Faciap Mulher\t\t\t\t\t<\/h2>\n\t\t\t\t\n\t\t\t\t\t\t\t\t\t<div class=\"elementor-cta__description elementor-cta__content-item elementor-content-item\">\n\t\t\t\t\t\t29 de janeiro de 2026\t\t\t\t\t<\/div>\n\t\t\t\t\n\t\t\t\t\t\t\t<\/div>\n\t\t\t\t\t\t<\/a>\n\t\t\t\t\t\t<\/div>\n\t\t\t\t<\/div>\n\t\t\t\t\t<\/div>\n\t\t\t\t<\/div>\n\t\t\t\t<\/div>\n\t\t\t\t<div data-elementor-type=\"loop-item\" data-elementor-id=\"1067\" class=\"elementor elementor-1067 e-loop-item e-loop-item-147369 post-147369 galeria-de-foto type-galeria-de-foto status-publish has-post-thumbnail hentry categoria-galeria-eventos\" data-elementor-post-type=\"elementor_library\" data-custom-edit-handle=\"1\">\n\t\t\t<div class=\"elementor-element elementor-element-2023135 e-flex e-con-boxed e-con e-parent\" data-id=\"2023135\" data-element_type=\"container\" data-e-type=\"container\">\n\t\t\t\t\t<div class=\"e-con-inner\">\n\t\t\t\t<div class=\"elementor-element elementor-element-e8c407b elementor-absolute elementor-widget elementor-widget-shortcode\" data-id=\"e8c407b\" data-element_type=\"widget\" data-e-type=\"widget\" data-settings=\"{&quot;_position&quot;:&quot;absolute&quot;}\" data-widget_type=\"shortcode.default\">\n\t\t\t\t<div class=\"elementor-widget-container\">\n\t\t\t\t\t\t\t<div class=\"elementor-shortcode\"><span style=\"padding: 5px; background-color: var(--e-global-color-7199e26); color: #000000; margin-right: 5px;\">Eventos<\/span><\/div>\n\t\t\t\t\t\t<\/div>\n\t\t\t\t<\/div>\n\t\t\t\t<div class=\"elementor-element elementor-element-eba802b elementor-cta--skin-cover elementor-cta--valign-bottom elementor-bg-transform elementor-bg-transform-zoom-in elementor-widget elementor-widget-call-to-action\" data-id=\"eba802b\" data-element_type=\"widget\" data-e-type=\"widget\" data-widget_type=\"call-to-action.default\">\n\t\t\t\t<div class=\"elementor-widget-container\">\n\t\t\t\t\t\t\t<a class=\"elementor-cta\" href=\"https:\/\/faciapmulher.org.br\/?galeria-de-foto=entre-elas-reune-mais-de-1000-empreendedoras\">\n\t\t\t\t\t<div class=\"elementor-cta__bg-wrapper\">\n\t\t\t\t<div class=\"elementor-cta__bg elementor-bg\" style=\"background-image: url(https:\/\/faciapmulher.org.br\/wp-content\/uploads\/2026\/03\/upload_69c52ed4e0375jpg.jpg);\" role=\"img\" aria-label=\"upload_69c52ed4e0375jpg\"><\/div>\n\t\t\t\t<div class=\"elementor-cta__bg-overlay\"><\/div>\n\t\t\t<\/div>\n\t\t\t\t\t\t\t<div class=\"elementor-cta__content\">\n\t\t\t\t\n\t\t\t\t\t\t\t\t\t<h2 class=\"elementor-cta__title elementor-cta__content-item elementor-content-item\">\n\t\t\t\t\t\t\u201cEntre Elas&#8221; re\u00fane mais de 1000 empreendedoras\t\t\t\t\t<\/h2>\n\t\t\t\t\n\t\t\t\t\t\t\t\t\t<div class=\"elementor-cta__description elementor-cta__content-item elementor-content-item\">\n\t\t\t\t\t\t9 de julho de 2024\t\t\t\t\t<\/div>\n\t\t\t\t\n\t\t\t\t\t\t\t<\/div>\n\t\t\t\t\t\t<\/a>\n\t\t\t\t\t\t<\/div>\n\t\t\t\t<\/div>\n\t\t\t\t\t<\/div>\n\t\t\t\t<\/div>\n\t\t\t\t<\/div>\n\t\t\t\t<div data-elementor-type=\"loop-item\" data-elementor-id=\"1067\" class=\"elementor elementor-1067 e-loop-item e-loop-item-147359 post-147359 galeria-de-foto type-galeria-de-foto status-publish has-post-thumbnail hentry categoria-galeria-eventos\" data-elementor-post-type=\"elementor_library\" data-custom-edit-handle=\"1\">\n\t\t\t<div class=\"elementor-element elementor-element-2023135 e-flex e-con-boxed e-con e-parent\" data-id=\"2023135\" data-element_type=\"container\" data-e-type=\"container\">\n\t\t\t\t\t<div class=\"e-con-inner\">\n\t\t\t\t<div class=\"elementor-element elementor-element-e8c407b elementor-absolute elementor-widget elementor-widget-shortcode\" data-id=\"e8c407b\" data-element_type=\"widget\" data-e-type=\"widget\" data-settings=\"{&quot;_position&quot;:&quot;absolute&quot;}\" data-widget_type=\"shortcode.default\">\n\t\t\t\t<div class=\"elementor-widget-container\">\n\t\t\t\t\t\t\t<div class=\"elementor-shortcode\"><span style=\"padding: 5px; background-color: var(--e-global-color-7199e26); color: #000000; margin-right: 5px;\">Eventos<\/span><\/div>\n\t\t\t\t\t\t<\/div>\n\t\t\t\t<\/div>\n\t\t\t\t<div class=\"elementor-element elementor-element-eba802b elementor-cta--skin-cover elementor-cta--valign-bottom elementor-bg-transform elementor-bg-transform-zoom-in elementor-widget elementor-widget-call-to-action\" data-id=\"eba802b\" data-element_type=\"widget\" data-e-type=\"widget\" data-widget_type=\"call-to-action.default\">\n\t\t\t\t<div class=\"elementor-widget-container\">\n\t\t\t\t\t\t\t<a class=\"elementor-cta\" href=\"https:\/\/faciapmulher.org.br\/?galeria-de-foto=faciap-mulher-homenageia-bancada-feminina-de-deputadas-pelo-dia-da-mulher\">\n\t\t\t\t\t<div class=\"elementor-cta__bg-wrapper\">\n\t\t\t\t<div class=\"elementor-cta__bg elementor-bg\" style=\"background-image: url(https:\/\/faciapmulher.org.br\/wp-content\/uploads\/2026\/03\/upload_69c52eb60a1eejpg.jpg);\" role=\"img\" aria-label=\"upload_69c52eb60a1eejpg\"><\/div>\n\t\t\t\t<div class=\"elementor-cta__bg-overlay\"><\/div>\n\t\t\t<\/div>\n\t\t\t\t\t\t\t<div class=\"elementor-cta__content\">\n\t\t\t\t\n\t\t\t\t\t\t\t\t\t<h2 class=\"elementor-cta__title elementor-cta__content-item elementor-content-item\">\n\t\t\t\t\t\tFaciap Mulher Homenageia bancada feminina de deputadas pelo dia da Mulher\t\t\t\t\t<\/h2>\n\t\t\t\t\n\t\t\t\t\t\t\t\t\t<div class=\"elementor-cta__description elementor-cta__content-item elementor-content-item\">\n\t\t\t\t\t\t5 de mar\u00e7o de 2024\t\t\t\t\t<\/div>\n\t\t\t\t\n\t\t\t\t\t\t\t<\/div>\n\t\t\t\t\t\t<\/a>\n\t\t\t\t\t\t<\/div>\n\t\t\t\t<\/div>\n\t\t\t\t\t<\/div>\n\t\t\t\t<\/div>\n\t\t\t\t<\/div>\n\t\t\t\t<div data-elementor-type=\"loop-item\" data-elementor-id=\"1067\" class=\"elementor elementor-1067 e-loop-item e-loop-item-147344 post-147344 galeria-de-foto type-galeria-de-foto status-publish has-post-thumbnail hentry categoria-galeria-eventos\" data-elementor-post-type=\"elementor_library\" data-custom-edit-handle=\"1\">\n\t\t\t<div class=\"elementor-element elementor-element-2023135 e-flex e-con-boxed e-con e-parent\" data-id=\"2023135\" data-element_type=\"container\" data-e-type=\"container\">\n\t\t\t\t\t<div class=\"e-con-inner\">\n\t\t\t\t<div class=\"elementor-element elementor-element-e8c407b elementor-absolute elementor-widget elementor-widget-shortcode\" data-id=\"e8c407b\" data-element_type=\"widget\" data-e-type=\"widget\" data-settings=\"{&quot;_position&quot;:&quot;absolute&quot;}\" data-widget_type=\"shortcode.default\">\n\t\t\t\t<div class=\"elementor-widget-container\">\n\t\t\t\t\t\t\t<div class=\"elementor-shortcode\"><span style=\"padding: 5px; background-color: var(--e-global-color-7199e26); color: #000000; margin-right: 5px;\">Eventos<\/span><\/div>\n\t\t\t\t\t\t<\/div>\n\t\t\t\t<\/div>\n\t\t\t\t<div class=\"elementor-element elementor-element-eba802b elementor-cta--skin-cover elementor-cta--valign-bottom elementor-bg-transform elementor-bg-transform-zoom-in elementor-widget elementor-widget-call-to-action\" data-id=\"eba802b\" data-element_type=\"widget\" data-e-type=\"widget\" data-widget_type=\"call-to-action.default\">\n\t\t\t\t<div class=\"elementor-widget-container\">\n\t\t\t\t\t\t\t<a class=\"elementor-cta\" href=\"https:\/\/faciapmulher.org.br\/?galeria-de-foto=10o-encontro-da-faciap-mulher-na-aciap\">\n\t\t\t\t\t<div class=\"elementor-cta__bg-wrapper\">\n\t\t\t\t<div class=\"elementor-cta__bg elementor-bg\" style=\"background-image: url(https:\/\/faciapmulher.org.br\/wp-content\/uploads\/2026\/03\/upload_69c52e848345bjpg.jpg);\" role=\"img\" aria-label=\"upload_69c52e848345bjpg\"><\/div>\n\t\t\t\t<div class=\"elementor-cta__bg-overlay\"><\/div>\n\t\t\t<\/div>\n\t\t\t\t\t\t\t<div class=\"elementor-cta__content\">\n\t\t\t\t\n\t\t\t\t\t\t\t\t\t<h2 class=\"elementor-cta__title elementor-cta__content-item elementor-content-item\">\n\t\t\t\t\t\t10\u00ba Encontro da Faciap Mulher na ACIAP\t\t\t\t\t<\/h2>\n\t\t\t\t\n\t\t\t\t\t\t\t\t\t<div class=\"elementor-cta__description elementor-cta__content-item elementor-content-item\">\n\t\t\t\t\t\t14 de dezembro de 2023\t\t\t\t\t<\/div>\n\t\t\t\t\n\t\t\t\t\t\t\t<\/div>\n\t\t\t\t\t\t<\/a>\n\t\t\t\t\t\t<\/div>\n\t\t\t\t<\/div>\n\t\t\t\t\t<\/div>\n\t\t\t\t<\/div>\n\t\t\t\t<\/div>\n\t\t\t\t<div data-elementor-type=\"loop-item\" data-elementor-id=\"1067\" class=\"elementor elementor-1067 e-loop-item e-loop-item-147319 post-147319 galeria-de-foto type-galeria-de-foto status-publish has-post-thumbnail hentry categoria-galeria-eventos\" data-elementor-post-type=\"elementor_library\" data-custom-edit-handle=\"1\">\n\t\t\t<div class=\"elementor-element elementor-element-2023135 e-flex e-con-boxed e-con e-parent\" data-id=\"2023135\" data-element_type=\"container\" data-e-type=\"container\">\n\t\t\t\t\t<div class=\"e-con-inner\">\n\t\t\t\t<div class=\"elementor-element elementor-element-e8c407b elementor-absolute elementor-widget elementor-widget-shortcode\" data-id=\"e8c407b\" data-element_type=\"widget\" data-e-type=\"widget\" data-settings=\"{&quot;_position&quot;:&quot;absolute&quot;}\" data-widget_type=\"shortcode.default\">\n\t\t\t\t<div class=\"elementor-widget-container\">\n\t\t\t\t\t\t\t<div class=\"elementor-shortcode\"><span style=\"padding: 5px; background-color: var(--e-global-color-7199e26); color: #000000; margin-right: 5px;\">Eventos<\/span><\/div>\n\t\t\t\t\t\t<\/div>\n\t\t\t\t<\/div>\n\t\t\t\t<div class=\"elementor-element elementor-element-eba802b elementor-cta--skin-cover elementor-cta--valign-bottom elementor-bg-transform elementor-bg-transform-zoom-in elementor-widget elementor-widget-call-to-action\" data-id=\"eba802b\" data-element_type=\"widget\" data-e-type=\"widget\" data-widget_type=\"call-to-action.default\">\n\t\t\t\t<div class=\"elementor-widget-container\">\n\t\t\t\t\t\t\t<a class=\"elementor-cta\" href=\"https:\/\/faciapmulher.org.br\/?galeria-de-foto=09o-encontro-da-faciap-mulher-em-curitiba-gestao-2023-2025\">\n\t\t\t\t\t<div class=\"elementor-cta__bg-wrapper\">\n\t\t\t\t<div class=\"elementor-cta__bg elementor-bg\" style=\"background-image: url(https:\/\/faciapmulher.org.br\/wp-content\/uploads\/2026\/03\/upload_69c52e31b75ecjpg.jpg);\" role=\"img\" aria-label=\"upload_69c52e31b75ecjpg\"><\/div>\n\t\t\t\t<div class=\"elementor-cta__bg-overlay\"><\/div>\n\t\t\t<\/div>\n\t\t\t\t\t\t\t<div class=\"elementor-cta__content\">\n\t\t\t\t\n\t\t\t\t\t\t\t\t\t<h2 class=\"elementor-cta__title elementor-cta__content-item elementor-content-item\">\n\t\t\t\t\t\t09\u00ba Encontro da Faciap Mulher em Curitiba &#8211; Gest\u00e3o 2023\/2025\t\t\t\t\t<\/h2>\n\t\t\t\t\n\t\t\t\t\t\t\t\t\t<div class=\"elementor-cta__description elementor-cta__content-item elementor-content-item\">\n\t\t\t\t\t\t18 de outubro de 2023\t\t\t\t\t<\/div>\n\t\t\t\t\n\t\t\t\t\t\t\t<\/div>\n\t\t\t\t\t\t<\/a>\n\t\t\t\t\t\t<\/div>\n\t\t\t\t<\/div>\n\t\t\t\t\t<\/div>\n\t\t\t\t<\/div>\n\t\t\t\t<\/div>\n\t\t\t\t<div data-elementor-type=\"loop-item\" data-elementor-id=\"1067\" class=\"elementor elementor-1067 e-loop-item e-loop-item-147309 post-147309 galeria-de-foto type-galeria-de-foto status-publish has-post-thumbnail hentry categoria-galeria-eventos\" data-elementor-post-type=\"elementor_library\" data-custom-edit-handle=\"1\">\n\t\t\t<div class=\"elementor-element elementor-element-2023135 e-flex e-con-boxed e-con e-parent\" data-id=\"2023135\" data-element_type=\"container\" data-e-type=\"container\">\n\t\t\t\t\t<div class=\"e-con-inner\">\n\t\t\t\t<div class=\"elementor-element elementor-element-e8c407b elementor-absolute elementor-widget elementor-widget-shortcode\" data-id=\"e8c407b\" data-element_type=\"widget\" data-e-type=\"widget\" data-settings=\"{&quot;_position&quot;:&quot;absolute&quot;}\" data-widget_type=\"shortcode.default\">\n\t\t\t\t<div class=\"elementor-widget-container\">\n\t\t\t\t\t\t\t<div class=\"elementor-shortcode\"><span style=\"padding: 5px; background-color: var(--e-global-color-7199e26); color: #000000; margin-right: 5px;\">Eventos<\/span><\/div>\n\t\t\t\t\t\t<\/div>\n\t\t\t\t<\/div>\n\t\t\t\t<div class=\"elementor-element elementor-element-eba802b elementor-cta--skin-cover elementor-cta--valign-bottom elementor-bg-transform elementor-bg-transform-zoom-in elementor-widget elementor-widget-call-to-action\" data-id=\"eba802b\" data-element_type=\"widget\" data-e-type=\"widget\" data-widget_type=\"call-to-action.default\">\n\t\t\t\t<div class=\"elementor-widget-container\">\n\t\t\t\t\t\t\t<a class=\"elementor-cta\" href=\"https:\/\/faciapmulher.org.br\/?galeria-de-foto=faciap-mulher-participa-da-feira-de-empreendedorismo-do-sebrae\">\n\t\t\t\t\t<div class=\"elementor-cta__bg-wrapper\">\n\t\t\t\t<div class=\"elementor-cta__bg elementor-bg\" style=\"background-image: url(https:\/\/faciapmulher.org.br\/wp-content\/uploads\/2026\/03\/upload_69c52e12d3884jpg.jpg);\" role=\"img\" aria-label=\"upload_69c52e12d3884jpg\"><\/div>\n\t\t\t\t<div class=\"elementor-cta__bg-overlay\"><\/div>\n\t\t\t<\/div>\n\t\t\t\t\t\t\t<div class=\"elementor-cta__content\">\n\t\t\t\t\n\t\t\t\t\t\t\t\t\t<h2 class=\"elementor-cta__title elementor-cta__content-item elementor-content-item\">\n\t\t\t\t\t\tFaciap Mulher participa da Feira de Empreendedorismo do Sebrae\t\t\t\t\t<\/h2>\n\t\t\t\t\n\t\t\t\t\t\t\t\t\t<div class=\"elementor-cta__description elementor-cta__content-item elementor-content-item\">\n\t\t\t\t\t\t14 de setembro de 2023\t\t\t\t\t<\/div>\n\t\t\t\t\n\t\t\t\t\t\t\t<\/div>\n\t\t\t\t\t\t<\/a>\n\t\t\t\t\t\t<\/div>\n\t\t\t\t<\/div>\n\t\t\t\t\t<\/div>\n\t\t\t\t<\/div>\n\t\t\t\t<\/div>\n\t\t\t\t<div data-elementor-type=\"loop-item\" data-elementor-id=\"1067\" class=\"elementor elementor-1067 e-loop-item e-loop-item-147295 post-147295 galeria-de-foto type-galeria-de-foto status-publish has-post-thumbnail hentry categoria-galeria-eventos\" data-elementor-post-type=\"elementor_library\" data-custom-edit-handle=\"1\">\n\t\t\t<div class=\"elementor-element elementor-element-2023135 e-flex e-con-boxed e-con e-parent\" data-id=\"2023135\" data-element_type=\"container\" data-e-type=\"container\">\n\t\t\t\t\t<div class=\"e-con-inner\">\n\t\t\t\t<div class=\"elementor-element elementor-element-e8c407b elementor-absolute elementor-widget elementor-widget-shortcode\" data-id=\"e8c407b\" data-element_type=\"widget\" data-e-type=\"widget\" data-settings=\"{&quot;_position&quot;:&quot;absolute&quot;}\" data-widget_type=\"shortcode.default\">\n\t\t\t\t<div class=\"elementor-widget-container\">\n\t\t\t\t\t\t\t<div class=\"elementor-shortcode\"><span style=\"padding: 5px; background-color: var(--e-global-color-7199e26); color: #000000; margin-right: 5px;\">Eventos<\/span><\/div>\n\t\t\t\t\t\t<\/div>\n\t\t\t\t<\/div>\n\t\t\t\t<div class=\"elementor-element elementor-element-eba802b elementor-cta--skin-cover elementor-cta--valign-bottom elementor-bg-transform elementor-bg-transform-zoom-in elementor-widget elementor-widget-call-to-action\" data-id=\"eba802b\" data-element_type=\"widget\" data-e-type=\"widget\" data-widget_type=\"call-to-action.default\">\n\t\t\t\t<div class=\"elementor-widget-container\">\n\t\t\t\t\t\t\t<a class=\"elementor-cta\" href=\"https:\/\/faciapmulher.org.br\/?galeria-de-foto=8o-encontro-da-faciap-mulher-em-curitiba-gestao-2023-2025\">\n\t\t\t\t\t<div class=\"elementor-cta__bg-wrapper\">\n\t\t\t\t<div class=\"elementor-cta__bg elementor-bg\" style=\"background-image: url(https:\/\/faciapmulher.org.br\/wp-content\/uploads\/2026\/03\/upload_69c52de5b6829jpg.jpg);\" role=\"img\" aria-label=\"upload_69c52de5b6829jpg\"><\/div>\n\t\t\t\t<div class=\"elementor-cta__bg-overlay\"><\/div>\n\t\t\t<\/div>\n\t\t\t\t\t\t\t<div class=\"elementor-cta__content\">\n\t\t\t\t\n\t\t\t\t\t\t\t\t\t<h2 class=\"elementor-cta__title elementor-cta__content-item elementor-content-item\">\n\t\t\t\t\t\t8\u00ba Encontro da Faciap Mulher em Curitiba &#8211; Gest\u00e3o 2023-2025\t\t\t\t\t<\/h2>\n\t\t\t\t\n\t\t\t\t\t\t\t\t\t<div class=\"elementor-cta__description elementor-cta__content-item elementor-content-item\">\n\t\t\t\t\t\t14 de setembro de 2023\t\t\t\t\t<\/div>\n\t\t\t\t\n\t\t\t\t\t\t\t<\/div>\n\t\t\t\t\t\t<\/a>\n\t\t\t\t\t\t<\/div>\n\t\t\t\t<\/div>\n\t\t\t\t\t<\/div>\n\t\t\t\t<\/div>\n\t\t\t\t<\/div>\n\t\t\t\t<div data-elementor-type=\"loop-item\" data-elementor-id=\"1067\" class=\"elementor elementor-1067 e-loop-item e-loop-item-147248 post-147248 galeria-de-foto type-galeria-de-foto status-publish has-post-thumbnail hentry categoria-galeria-eventos\" data-elementor-post-type=\"elementor_library\" data-custom-edit-handle=\"1\">\n\t\t\t<div class=\"elementor-element elementor-element-2023135 e-flex e-con-boxed e-con e-parent\" data-id=\"2023135\" data-element_type=\"container\" data-e-type=\"container\">\n\t\t\t\t\t<div class=\"e-con-inner\">\n\t\t\t\t<div class=\"elementor-element elementor-element-e8c407b elementor-absolute elementor-widget elementor-widget-shortcode\" data-id=\"e8c407b\" data-element_type=\"widget\" data-e-type=\"widget\" data-settings=\"{&quot;_position&quot;:&quot;absolute&quot;}\" data-widget_type=\"shortcode.default\">\n\t\t\t\t<div class=\"elementor-widget-container\">\n\t\t\t\t\t\t\t<div class=\"elementor-shortcode\"><span style=\"padding: 5px; background-color: var(--e-global-color-7199e26); color: #000000; margin-right: 5px;\">Eventos<\/span><\/div>\n\t\t\t\t\t\t<\/div>\n\t\t\t\t<\/div>\n\t\t\t\t<div class=\"elementor-element elementor-element-eba802b elementor-cta--skin-cover elementor-cta--valign-bottom elementor-bg-transform elementor-bg-transform-zoom-in elementor-widget elementor-widget-call-to-action\" data-id=\"eba802b\" data-element_type=\"widget\" data-e-type=\"widget\" data-widget_type=\"call-to-action.default\">\n\t\t\t\t<div class=\"elementor-widget-container\">\n\t\t\t\t\t\t\t<a class=\"elementor-cta\" href=\"https:\/\/faciapmulher.org.br\/?galeria-de-foto=premio-faciap-mulher-no-congresso-empresarial-em-foz-do-iguacu\">\n\t\t\t\t\t<div class=\"elementor-cta__bg-wrapper\">\n\t\t\t\t<div class=\"elementor-cta__bg elementor-bg\" style=\"background-image: url(https:\/\/faciapmulher.org.br\/wp-content\/uploads\/2026\/03\/upload_69c52d45a32cfjpg.jpg);\" role=\"img\" aria-label=\"upload_69c52d45a32cfjpg\"><\/div>\n\t\t\t\t<div class=\"elementor-cta__bg-overlay\"><\/div>\n\t\t\t<\/div>\n\t\t\t\t\t\t\t<div class=\"elementor-cta__content\">\n\t\t\t\t\n\t\t\t\t\t\t\t\t\t<h2 class=\"elementor-cta__title elementor-cta__content-item elementor-content-item\">\n\t\t\t\t\t\tPr\u00eamio Faciap Mulher no Congresso Empresarial em Foz do Igua\u00e7\u00fa\t\t\t\t\t<\/h2>\n\t\t\t\t\n\t\t\t\t\t\t\t\t\t<div class=\"elementor-cta__description elementor-cta__content-item elementor-content-item\">\n\t\t\t\t\t\t27 de novembro de 2023\t\t\t\t\t<\/div>\n\t\t\t\t\n\t\t\t\t\t\t\t<\/div>\n\t\t\t\t\t\t<\/a>\n\t\t\t\t\t\t<\/div>\n\t\t\t\t<\/div>\n\t\t\t\t\t<\/div>\n\t\t\t\t<\/div>\n\t\t\t\t<\/div>\n\t\t\t\t<div data-elementor-type=\"loop-item\" data-elementor-id=\"1067\" class=\"elementor elementor-1067 e-loop-item e-loop-item-147234 post-147234 galeria-de-foto type-galeria-de-foto status-publish has-post-thumbnail hentry categoria-galeria-eventos\" data-elementor-post-type=\"elementor_library\" data-custom-edit-handle=\"1\">\n\t\t\t<div class=\"elementor-element elementor-element-2023135 e-flex e-con-boxed e-con e-parent\" data-id=\"2023135\" data-element_type=\"container\" data-e-type=\"container\">\n\t\t\t\t\t<div class=\"e-con-inner\">\n\t\t\t\t<div class=\"elementor-element elementor-element-e8c407b elementor-absolute elementor-widget elementor-widget-shortcode\" data-id=\"e8c407b\" data-element_type=\"widget\" data-e-type=\"widget\" data-settings=\"{&quot;_position&quot;:&quot;absolute&quot;}\" data-widget_type=\"shortcode.default\">\n\t\t\t\t<div class=\"elementor-widget-container\">\n\t\t\t\t\t\t\t<div class=\"elementor-shortcode\"><span style=\"padding: 5px; background-color: var(--e-global-color-7199e26); color: #000000; margin-right: 5px;\">Eventos<\/span><\/div>\n\t\t\t\t\t\t<\/div>\n\t\t\t\t<\/div>\n\t\t\t\t<div class=\"elementor-element elementor-element-eba802b elementor-cta--skin-cover elementor-cta--valign-bottom elementor-bg-transform elementor-bg-transform-zoom-in elementor-widget elementor-widget-call-to-action\" data-id=\"eba802b\" data-element_type=\"widget\" data-e-type=\"widget\" data-widget_type=\"call-to-action.default\">\n\t\t\t\t<div class=\"elementor-widget-container\">\n\t\t\t\t\t\t\t<a class=\"elementor-cta\" href=\"https:\/\/faciapmulher.org.br\/?galeria-de-foto=reuniao-de-planejamento-estrategico-para-a-gestao-2023-2025\">\n\t\t\t\t\t<div class=\"elementor-cta__bg-wrapper\">\n\t\t\t\t<div class=\"elementor-cta__bg elementor-bg\" style=\"background-image: url(https:\/\/faciapmulher.org.br\/wp-content\/uploads\/2026\/03\/upload_69c52d19cd82ejpg.jpg);\" role=\"img\" aria-label=\"upload_69c52d19cd82ejpg\"><\/div>\n\t\t\t\t<div class=\"elementor-cta__bg-overlay\"><\/div>\n\t\t\t<\/div>\n\t\t\t\t\t\t\t<div class=\"elementor-cta__content\">\n\t\t\t\t\n\t\t\t\t\t\t\t\t\t<h2 class=\"elementor-cta__title elementor-cta__content-item elementor-content-item\">\n\t\t\t\t\t\tReuni\u00e3o de Planejamento Estrat\u00e9gico para a Gest\u00e3o 2023\/2025\t\t\t\t\t<\/h2>\n\t\t\t\t\n\t\t\t\t\t\t\t\t\t<div class=\"elementor-cta__description elementor-cta__content-item elementor-content-item\">\n\t\t\t\t\t\t12 de dezembro de 2022\t\t\t\t\t<\/div>\n\t\t\t\t\n\t\t\t\t\t\t\t<\/div>\n\t\t\t\t\t\t<\/a>\n\t\t\t\t\t\t<\/div>\n\t\t\t\t<\/div>\n\t\t\t\t\t<\/div>\n\t\t\t\t<\/div>\n\t\t\t\t<\/div>\n\t\t\t\t<\/div>\n\t\t\n\t\t\t\t<div class=\"e-load-more-anchor\" data-page=\"1\" data-max-page=\"3\" data-next-page=\"https:\/\/faciapmulher.org.br\/index.php?rest_route=%2Fwp%2Fv2%2Fpages%2F1061&#038;paged=2\"><\/div>\n\t\t\t\t<nav class=\"elementor-pagination\" aria-label=\"Pagination\">\n\t\t\t<span class=\"page-numbers prev\">\u25c4<\/span>\n<span aria-current=\"page\" class=\"page-numbers current\"><span class=\"elementor-screen-only\">Page<\/span>1<\/span>\n<a class=\"page-numbers\" href=\"https:\/\/faciapmulher.org.br\/index.php\/?paged=2\"><span class=\"elementor-screen-only\">Page<\/span>2<\/a>\n<a class=\"page-numbers\" href=\"https:\/\/faciapmulher.org.br\/index.php\/?paged=3\"><span class=\"elementor-screen-only\">Page<\/span>3<\/a>\n<a class=\"page-numbers next\" href=\"https:\/\/faciapmulher.org.br\/index.php?rest_route=%2Fwp%2Fv2%2Fpages%2F1061&#038;paged=2\">\u25ba<\/a>\t\t<\/nav>\n\t\t\t\t\t\t<\/div>\n\t\t\t\t<\/div>\n\t\t\t\t\t<\/div>\n\t\t\t\t<\/div>\n\t\t\t\t<\/div>\n\t\t","protected":false},"excerpt":{"rendered":"<p>Galerias de fotos Eventos Todos<\/p>\n","protected":false},"author":13,"featured_media":0,"parent":0,"menu_order":0,"comment_status":"open","ping_status":"closed","template":"","meta":{"_acf_changed":false,"_joinchat":[],"footnotes":""},"class_list":["post-1061","page","type-page","status-publish","hentry"],"acf":false,"yoast_head":"<!-- This site is optimized with the Yoast SEO plugin v27.4 - https:\/\/yoast.com\/product\/yoast-seo-wordpress\/ -->\n<title>Galeria de fotos - FACIAP Mulher<\/title>\n<meta name=\"robots\" content=\"index, follow, max-snippet:-1, max-image-preview:large, max-video-preview:-1\" \/>\n<link rel=\"canonical\" href=\"https:\/\/faciapmulher.org.br\/?page_id=1061\" \/>\n<meta property=\"og:locale\" content=\"pt_BR\" \/>\n<meta property=\"og:type\" content=\"article\" \/>\n<meta property=\"og:title\" content=\"Galeria de fotos - FACIAP Mulher\" \/>\n<meta property=\"og:description\" content=\"Galerias de fotos Eventos Todos\" \/>\n<meta property=\"og:url\" content=\"https:\/\/faciapmulher.org.br\/?page_id=1061\" \/>\n<meta property=\"og:site_name\" content=\"FACIAP Mulher\" \/>\n<meta property=\"article:modified_time\" content=\"2026-01-09T20:24:30+00:00\" \/>\n<meta property=\"og:image\" content=\"https:\/\/faciapmulher.org.br\/wp-content\/uploads\/2025\/10\/IMG_PADRAO_ZIONACES_GALERIA_FOTOS.jpg\" \/>\n<meta name=\"twitter:card\" content=\"summary_large_image\" \/>\n<meta name=\"twitter:label1\" content=\"Est. tempo de leitura\" \/>\n\t<meta name=\"twitter:data1\" content=\"2 minutos\" \/>\n<script type=\"application\/ld+json\" class=\"yoast-schema-graph\">{\"@context\":\"https:\\\/\\\/schema.org\",\"@graph\":[{\"@type\":\"WebPage\",\"@id\":\"https:\\\/\\\/faciapmulher.org.br\\\/?page_id=1061\",\"url\":\"https:\\\/\\\/faciapmulher.org.br\\\/?page_id=1061\",\"name\":\"Galeria de fotos - FACIAP Mulher\",\"isPartOf\":{\"@id\":\"https:\\\/\\\/faciapmulher.org.br\\\/#website\"},\"primaryImageOfPage\":{\"@id\":\"https:\\\/\\\/faciapmulher.org.br\\\/?page_id=1061#primaryimage\"},\"image\":{\"@id\":\"https:\\\/\\\/faciapmulher.org.br\\\/?page_id=1061#primaryimage\"},\"thumbnailUrl\":\"https:\\\/\\\/faciapmulher.org.br\\\/wp-content\\\/uploads\\\/2025\\\/10\\\/IMG_PADRAO_ZIONACES_GALERIA_FOTOS.jpg\",\"datePublished\":\"2024-07-16T19:29:01+00:00\",\"dateModified\":\"2026-01-09T20:24:30+00:00\",\"breadcrumb\":{\"@id\":\"https:\\\/\\\/faciapmulher.org.br\\\/?page_id=1061#breadcrumb\"},\"inLanguage\":\"pt-BR\",\"potentialAction\":[{\"@type\":\"ReadAction\",\"target\":[\"https:\\\/\\\/faciapmulher.org.br\\\/?page_id=1061\"]}]},{\"@type\":\"ImageObject\",\"inLanguage\":\"pt-BR\",\"@id\":\"https:\\\/\\\/faciapmulher.org.br\\\/?page_id=1061#primaryimage\",\"url\":\"https:\\\/\\\/faciapmulher.org.br\\\/wp-content\\\/uploads\\\/2025\\\/10\\\/IMG_PADRAO_ZIONACES_GALERIA_FOTOS.jpg\",\"contentUrl\":\"https:\\\/\\\/faciapmulher.org.br\\\/wp-content\\\/uploads\\\/2025\\\/10\\\/IMG_PADRAO_ZIONACES_GALERIA_FOTOS.jpg\",\"width\":1440,\"height\":442},{\"@type\":\"BreadcrumbList\",\"@id\":\"https:\\\/\\\/faciapmulher.org.br\\\/?page_id=1061#breadcrumb\",\"itemListElement\":[{\"@type\":\"ListItem\",\"position\":1,\"name\":\"In\u00edcio\",\"item\":\"https:\\\/\\\/faciapmulher.org.br\\\/\"},{\"@type\":\"ListItem\",\"position\":2,\"name\":\"Galeria de fotos\"}]},{\"@type\":\"WebSite\",\"@id\":\"https:\\\/\\\/faciapmulher.org.br\\\/#website\",\"url\":\"https:\\\/\\\/faciapmulher.org.br\\\/\",\"name\":\"FACIAP Mulher\",\"description\":\"\",\"publisher\":{\"@id\":\"https:\\\/\\\/faciapmulher.org.br\\\/#organization\"},\"potentialAction\":[{\"@type\":\"SearchAction\",\"target\":{\"@type\":\"EntryPoint\",\"urlTemplate\":\"https:\\\/\\\/faciapmulher.org.br\\\/?s={search_term_string}\"},\"query-input\":{\"@type\":\"PropertyValueSpecification\",\"valueRequired\":true,\"valueName\":\"search_term_string\"}}],\"inLanguage\":\"pt-BR\"},{\"@type\":\"Organization\",\"@id\":\"https:\\\/\\\/faciapmulher.org.br\\\/#organization\",\"name\":\"FACIAP Mulher\",\"url\":\"https:\\\/\\\/faciapmulher.org.br\\\/\",\"logo\":{\"@type\":\"ImageObject\",\"inLanguage\":\"pt-BR\",\"@id\":\"https:\\\/\\\/faciapmulher.org.br\\\/#\\\/schema\\\/logo\\\/image\\\/\",\"url\":\"https:\\\/\\\/faciapmulher.org.br\\\/wp-content\\\/uploads\\\/2024\\\/07\\\/caciopar_logo.jpg\",\"contentUrl\":\"https:\\\/\\\/faciapmulher.org.br\\\/wp-content\\\/uploads\\\/2024\\\/07\\\/caciopar_logo.jpg\",\"width\":1024,\"height\":236,\"caption\":\"FACIAP Mulher\"},\"image\":{\"@id\":\"https:\\\/\\\/faciapmulher.org.br\\\/#\\\/schema\\\/logo\\\/image\\\/\"}}]}<\/script>\n<!-- \/ Yoast SEO plugin. -->","yoast_head_json":{"title":"Galeria de fotos - FACIAP Mulher","robots":{"index":"index","follow":"follow","max-snippet":"max-snippet:-1","max-image-preview":"max-image-preview:large","max-video-preview":"max-video-preview:-1"},"canonical":"https:\/\/faciapmulher.org.br\/?page_id=1061","og_locale":"pt_BR","og_type":"article","og_title":"Galeria de fotos - FACIAP Mulher","og_description":"Galerias de fotos Eventos Todos","og_url":"https:\/\/faciapmulher.org.br\/?page_id=1061","og_site_name":"FACIAP Mulher","article_modified_time":"2026-01-09T20:24:30+00:00","og_image":[{"url":"https:\/\/faciapmulher.org.br\/wp-content\/uploads\/2025\/10\/IMG_PADRAO_ZIONACES_GALERIA_FOTOS.jpg","type":"","width":"","height":""}],"twitter_card":"summary_large_image","twitter_misc":{"Est. tempo de leitura":"2 minutos"},"schema":{"@context":"https:\/\/schema.org","@graph":[{"@type":"WebPage","@id":"https:\/\/faciapmulher.org.br\/?page_id=1061","url":"https:\/\/faciapmulher.org.br\/?page_id=1061","name":"Galeria de fotos - FACIAP Mulher","isPartOf":{"@id":"https:\/\/faciapmulher.org.br\/#website"},"primaryImageOfPage":{"@id":"https:\/\/faciapmulher.org.br\/?page_id=1061#primaryimage"},"image":{"@id":"https:\/\/faciapmulher.org.br\/?page_id=1061#primaryimage"},"thumbnailUrl":"https:\/\/faciapmulher.org.br\/wp-content\/uploads\/2025\/10\/IMG_PADRAO_ZIONACES_GALERIA_FOTOS.jpg","datePublished":"2024-07-16T19:29:01+00:00","dateModified":"2026-01-09T20:24:30+00:00","breadcrumb":{"@id":"https:\/\/faciapmulher.org.br\/?page_id=1061#breadcrumb"},"inLanguage":"pt-BR","potentialAction":[{"@type":"ReadAction","target":["https:\/\/faciapmulher.org.br\/?page_id=1061"]}]},{"@type":"ImageObject","inLanguage":"pt-BR","@id":"https:\/\/faciapmulher.org.br\/?page_id=1061#primaryimage","url":"https:\/\/faciapmulher.org.br\/wp-content\/uploads\/2025\/10\/IMG_PADRAO_ZIONACES_GALERIA_FOTOS.jpg","contentUrl":"https:\/\/faciapmulher.org.br\/wp-content\/uploads\/2025\/10\/IMG_PADRAO_ZIONACES_GALERIA_FOTOS.jpg","width":1440,"height":442},{"@type":"BreadcrumbList","@id":"https:\/\/faciapmulher.org.br\/?page_id=1061#breadcrumb","itemListElement":[{"@type":"ListItem","position":1,"name":"In\u00edcio","item":"https:\/\/faciapmulher.org.br\/"},{"@type":"ListItem","position":2,"name":"Galeria de fotos"}]},{"@type":"WebSite","@id":"https:\/\/faciapmulher.org.br\/#website","url":"https:\/\/faciapmulher.org.br\/","name":"FACIAP Mulher","description":"","publisher":{"@id":"https:\/\/faciapmulher.org.br\/#organization"},"potentialAction":[{"@type":"SearchAction","target":{"@type":"EntryPoint","urlTemplate":"https:\/\/faciapmulher.org.br\/?s={search_term_string}"},"query-input":{"@type":"PropertyValueSpecification","valueRequired":true,"valueName":"search_term_string"}}],"inLanguage":"pt-BR"},{"@type":"Organization","@id":"https:\/\/faciapmulher.org.br\/#organization","name":"FACIAP Mulher","url":"https:\/\/faciapmulher.org.br\/","logo":{"@type":"ImageObject","inLanguage":"pt-BR","@id":"https:\/\/faciapmulher.org.br\/#\/schema\/logo\/image\/","url":"https:\/\/faciapmulher.org.br\/wp-content\/uploads\/2024\/07\/caciopar_logo.jpg","contentUrl":"https:\/\/faciapmulher.org.br\/wp-content\/uploads\/2024\/07\/caciopar_logo.jpg","width":1024,"height":236,"caption":"FACIAP Mulher"},"image":{"@id":"https:\/\/faciapmulher.org.br\/#\/schema\/logo\/image\/"}}]}},"_links":{"self":[{"href":"https:\/\/faciapmulher.org.br\/index.php?rest_route=\/wp\/v2\/pages\/1061","targetHints":{"allow":["GET"]}}],"collection":[{"href":"https:\/\/faciapmulher.org.br\/index.php?rest_route=\/wp\/v2\/pages"}],"about":[{"href":"https:\/\/faciapmulher.org.br\/index.php?rest_route=\/wp\/v2\/types\/page"}],"author":[{"embeddable":true,"href":"https:\/\/faciapmulher.org.br\/index.php?rest_route=\/wp\/v2\/users\/13"}],"replies":[{"embeddable":true,"href":"https:\/\/faciapmulher.org.br\/index.php?rest_route=%2Fwp%2Fv2%2Fcomments&post=1061"}],"version-history":[{"count":109,"href":"https:\/\/faciapmulher.org.br\/index.php?rest_route=\/wp\/v2\/pages\/1061\/revisions"}],"predecessor-version":[{"id":144141,"href":"https:\/\/faciapmulher.org.br\/index.php?rest_route=\/wp\/v2\/pages\/1061\/revisions\/144141"}],"wp:attachment":[{"href":"https:\/\/faciapmulher.org.br\/index.php?rest_route=%2Fwp%2Fv2%2Fmedia&parent=1061"}],"curies":[{"name":"wp","href":"https:\/\/api.w.org\/{rel}","templated":true}]}}