{"id":21,"date":"2024-07-04T22:01:10","date_gmt":"2024-07-04T22:01:10","guid":{"rendered":"https:\/\/faciapmulher.org.br\/?page_id=21"},"modified":"2026-04-09T19:32:54","modified_gmt":"2026-04-09T19:32:54","slug":"quem-somos","status":"publish","type":"page","link":"https:\/\/faciapmulher.org.br\/?page_id=21","title":{"rendered":"Quem somos"},"content":{"rendered":"\t\t<div data-elementor-type=\"wp-page\" data-elementor-id=\"21\" class=\"elementor elementor-21\" data-elementor-post-type=\"page\">\n\t\t\t\t<div class=\"elementor-element elementor-element-d5b48a1 e-con-full top-banner-container e-flex e-con e-parent\" data-id=\"d5b48a1\" data-element_type=\"container\" data-e-type=\"container\" data-settings=\"{&quot;background_background&quot;:&quot;classic&quot;}\">\n\t\t\t\t<div class=\"elementor-element elementor-element-0952094 elementor-widget elementor-widget-image\" data-id=\"0952094\" data-element_type=\"widget\" data-e-type=\"widget\" data-widget_type=\"image.default\">\n\t\t\t\t<div class=\"elementor-widget-container\">\n\t\t\t\t\t\t\t\t\t\t\t\t\t\t\t<img fetchpriority=\"high\" decoding=\"async\" width=\"1440\" height=\"548\" src=\"https:\/\/faciapmulher.org.br\/wp-content\/uploads\/2025\/01\/top-banner-quem-somos-1.png\" class=\"attachment-full size-full wp-image-50700\" alt=\"\" srcset=\"https:\/\/faciapmulher.org.br\/wp-content\/uploads\/2025\/01\/top-banner-quem-somos-1.png 1440w, https:\/\/faciapmulher.org.br\/wp-content\/uploads\/2025\/01\/top-banner-quem-somos-1-300x114.png 300w, https:\/\/faciapmulher.org.br\/wp-content\/uploads\/2025\/01\/top-banner-quem-somos-1-1024x390.png 1024w, https:\/\/faciapmulher.org.br\/wp-content\/uploads\/2025\/01\/top-banner-quem-somos-1-768x292.png 768w\" sizes=\"(max-width: 1440px) 100vw, 1440px\" \/>\t\t\t\t\t\t\t\t\t\t\t\t\t\t\t<\/div>\n\t\t\t\t<\/div>\n\t\t\t\t<\/div>\n\t\t<div class=\"elementor-element elementor-element-b54b005 e-con-full e-flex e-con e-parent\" data-id=\"b54b005\" data-element_type=\"container\" data-e-type=\"container\">\n\t\t<div class=\"elementor-element elementor-element-c6ab25d e-con-full e-flex e-con e-child\" data-id=\"c6ab25d\" data-element_type=\"container\" data-e-type=\"container\">\n\t\t\t\t<div class=\"elementor-element elementor-element-b81547b elementor-widget__width-inherit elementor-widget-tablet__width-inherit elementor-widget elementor-widget-heading\" data-id=\"b81547b\" data-element_type=\"widget\" data-e-type=\"widget\" data-widget_type=\"heading.default\">\n\t\t\t\t<div class=\"elementor-widget-container\">\n\t\t\t\t\t<h2 class=\"elementor-heading-title elementor-size-default\">Quem Somos<\/h2>\t\t\t\t<\/div>\n\t\t\t\t<\/div>\n\t\t\t\t<div class=\"elementor-element elementor-element-3b07237 elementor-widget elementor-widget-shortcode\" data-id=\"3b07237\" data-element_type=\"widget\" data-e-type=\"widget\" data-widget_type=\"shortcode.default\">\n\t\t\t\t<div class=\"elementor-widget-container\">\n\t\t\t\t\t\t\t<div class=\"elementor-shortcode\"><p style=\"text-align:justify\"><span style=\"font-size:12pt\"><span style=\"font-family:Arial,sans-serif\"><span style=\"color:#000000\">A <\/span><\/span><\/span><span style=\"font-size:12pt\"><span style=\"font-family:Arial,sans-serif\"><span style=\"color:#000000\"><strong>FACIAP Mulher<\/strong><\/span><\/span><\/span><span style=\"font-size:12pt\"><span style=\"font-family:Arial,sans-serif\"><span style=\"color:#000000\"> \u00e9 o bra\u00e7o estrat\u00e9gico de desenvolvimento, articula\u00e7\u00e3o e fortalecimento da lideran\u00e7a feminina dentro do sistema associativista empresarial do Paran\u00e1.<\/span><\/span><\/span><\/p>\r\n\r\n<p style=\"text-align:justify\"><span style=\"font-size:12pt\"><span style=\"font-family:Arial,sans-serif\"><span style=\"color:#000000\">Criada em 21 de outubro de 2005, durante a Conven\u00e7\u00e3o Anual da FACIAP, inicialmente como Conselho Estadual da Mulher Empres\u00e1ria (CEME), a entidade evoluiu para um modelo mais estruturado e alinhado \u00e0s demandas contempor\u00e2neas, consolidando-se como <\/span><\/span><\/span><span style=\"font-size:12pt\"><span style=\"font-family:Arial,sans-serif\"><span style=\"color:#000000\"><strong>FACIAP Mulher.<\/strong><\/span><\/span><\/span><\/p>\r\n\r\n<p style=\"text-align:justify\"><span style=\"font-size:12pt\"><span style=\"font-family:Arial,sans-serif\"><span style=\"color:#000000\">Essa transi\u00e7\u00e3o n\u00e3o foi apenas nominal. Representa um avan\u00e7o estrat\u00e9gico na forma como o empreendedorismo feminino \u00e9 organizado, representado e desenvolvido dentro do associativismo.<\/span><\/span><\/span><\/p>\r\n\r\n<p style=\"text-align:justify\">\u00a0<\/p>\r\n\r\n<hr \/>\r\n<p style=\"text-align:justify\"><span style=\"font-size:12pt\"><span style=\"font-family:Arial,sans-serif\"><span style=\"color:#000000\"><strong>O que nos diferencia<\/strong><\/span><\/span><\/span><\/p>\r\n\r\n<p style=\"text-align:justify\"><span style=\"font-size:12pt\"><span style=\"font-family:Arial,sans-serif\"><span style=\"color:#000000\">A maioria das iniciativas voltadas \u00e0s mulheres atua em inspira\u00e7\u00e3o.<\/span><\/span><\/span><br \/>\r\n<span style=\"font-size:12pt\"><span style=\"font-family:Arial,sans-serif\"><span style=\"color:#000000\">A FACIAP Mulher atua em <\/span><\/span><\/span><span style=\"font-size:12pt\"><span style=\"font-family:Arial,sans-serif\"><span style=\"color:#000000\"><strong>estrutura, gest\u00e3o e gera\u00e7\u00e3o de resultado<\/strong><\/span><\/span><\/span><span style=\"font-size:12pt\"><span style=\"font-family:Arial,sans-serif\"><span style=\"color:#000000\">.<\/span><\/span><\/span><\/p>\r\n\r\n<p style=\"text-align:justify\"><span style=\"font-size:12pt\"><span style=\"font-family:Arial,sans-serif\"><span style=\"color:#000000\">Nosso papel n\u00e3o \u00e9 apenas incentivar. \u00c9 <\/span><\/span><\/span><span style=\"font-size:12pt\"><span style=\"font-family:Arial,sans-serif\"><span style=\"color:#000000\"><strong>organizar, capacitar e escalar<\/strong><\/span><\/span><\/span><span style=\"font-size:12pt\"><span style=\"font-family:Arial,sans-serif\"><span style=\"color:#000000\">.<\/span><\/span><\/span><\/p>\r\n\r\n<p style=\"text-align:justify\"><span style=\"font-size:12pt\"><span style=\"font-family:Arial,sans-serif\"><span style=\"color:#000000\">Atuamos de forma integrada com associa\u00e7\u00f5es comerciais em todo o estado, estruturando conselhos e n\u00facleos que fortalecem a presen\u00e7a feminina nos neg\u00f3cios, nas decis\u00f5es e na economia local.<\/span><\/span><\/span><\/p>\r\n\r\n<p style=\"text-align:justify\"><span style=\"font-size:12pt\"><span style=\"font-family:Arial,sans-serif\"><span style=\"color:#000000\">Hoje, somos uma das maiores redes organizadas de mulheres empres\u00e1rias do Brasil dentro do sistema associativista, com presen\u00e7a ativa em diversas regi\u00f5es do Paran\u00e1.<\/span><\/span><\/span><\/p>\r\n\r\n<p style=\"text-align:justify\">\u00a0<\/p>\r\n\r\n<hr \/>\r\n<p style=\"text-align:justify\"><span style=\"font-size:12pt\"><span style=\"font-family:Arial,sans-serif\"><span style=\"color:#000000\"><strong>Nossa hist\u00f3ria \u00e9 coletiva<\/strong><\/span><\/span><\/span><\/p>\r\n\r\n<p style=\"text-align:justify\"><span style=\"font-size:12pt\"><span style=\"font-family:Arial,sans-serif\"><span style=\"color:#000000\">A constru\u00e7\u00e3o da FACIAP Mulher \u00e9 resultado do trabalho de mulheres que entenderam, na pr\u00e1tica, a necessidade de organiza\u00e7\u00e3o e representatividade.<\/span><\/span><\/span><\/p>\r\n\r\n<p style=\"text-align:justify\"><span style=\"font-size:12pt\"><span style=\"font-family:Arial,sans-serif\"><span style=\"color:#000000\">Ao longo dos anos, lideran\u00e7as femininas em diferentes cidades estruturaram conselhos locais, criando uma base s\u00f3lida que exigiu uma coordena\u00e7\u00e3o estadual e articula\u00e7\u00e3o mais estrat\u00e9gica.<\/span><\/span><\/span><\/p>\r\n\r\n<p style=\"text-align:justify\"><span style=\"font-size:12pt\"><span style=\"font-family:Arial,sans-serif\"><span style=\"color:#000000\">Esse movimento consolidou a FACIAP Mulher como uma for\u00e7a institucional relevante dentro do associativismo e da sociedade civil organizada.<\/span><\/span><\/span><\/p>\r\n\r\n<p style=\"text-align:justify\"><span style=\"font-size:12pt\"><span style=\"font-family:Arial,sans-serif\"><span style=\"color:#000000\"><strong>Nosso posicionamento<\/strong><\/span><\/span><\/span><\/p>\r\n\r\n<p style=\"text-align:justify\"><span style=\"font-size:12pt\"><span style=\"font-family:Arial,sans-serif\"><span style=\"color:#000000\">A FACIAP Mulher acredita que o protagonismo feminino n\u00e3o se sustenta apenas em discurso.<\/span><\/span><\/span><\/p>\r\n\r\n<p style=\"text-align:justify\"><span style=\"font-size:12pt\"><span style=\"font-family:Arial,sans-serif\"><span style=\"color:#000000\">Ele exige:<\/span><\/span><\/span><\/p>\r\n\r\n<ul>\r\n\t<li style=\"list-style-type:disc\"><span style=\"font-size:11pt\"><span style=\"font-family:Arial,sans-serif\"><span style=\"color:#000000\">acesso \u00e0 informa\u00e7\u00e3o<\/span><\/span><\/span><\/li>\r\n\t<li style=\"list-style-type:disc\"><span style=\"font-size:11pt\"><span style=\"font-family:Arial,sans-serif\"><span style=\"color:#000000\">desenvolvimento cont\u00ednuo<\/span><\/span><\/span><\/li>\r\n\t<li style=\"list-style-type:disc\"><span style=\"font-size:11pt\"><span style=\"font-family:Arial,sans-serif\"><span style=\"color:#000000\">estrutura organizacional<\/span><\/span><\/span><\/li>\r\n\t<li style=\"list-style-type:disc\"><span style=\"font-size:11pt\"><span style=\"font-family:Arial,sans-serif\"><span style=\"color:#000000\">espa\u00e7o real de decis\u00e3o<\/span><\/span><\/span><\/li>\r\n<\/ul>\r\n\r\n<p style=\"text-align:justify\"><span style=\"font-size:12pt\"><span style=\"font-family:Arial,sans-serif\"><span style=\"color:#000000\">Por isso, atuamos para que mulheres empres\u00e1rias n\u00e3o apenas participem, mas <\/span><\/span><\/span><span style=\"font-size:12pt\"><span style=\"font-family:Arial,sans-serif\"><span style=\"color:#000000\"><strong>liderem, influenciem e gerem impacto econ\u00f4mico e social consistente<\/strong><\/span><\/span><\/span><span style=\"font-size:12pt\"><span style=\"font-family:Arial,sans-serif\"><span style=\"color:#000000\">.<\/span><\/span><\/span><\/p>\r\n\r\n<p style=\"text-align:justify\"><span style=\"font-size:12pt\"><span style=\"font-family:Arial,sans-serif\"><span style=\"color:#000000\"><strong>E voc\u00ea, j\u00e1 faz parte deste legado?<\/strong><\/span><\/span><\/span><\/p>\r\n\r\n<p style=\"text-align:justify\"><span style=\"font-size:12pt\"><span style=\"font-family:Arial,sans-serif\"><span style=\"color:#000000\"><strong>N\u00f3s Somos a For\u00e7a Feminina no Associativismo, Somos FACIAP Mulher.<\/strong><\/span><\/span><\/span><\/p><\/div>\n\t\t\t\t\t\t<\/div>\n\t\t\t\t<\/div>\n\t\t\t\t<\/div>\n\t\t<div class=\"elementor-element elementor-element-28bfeed e-con-full elementor-hidden-mobile e-flex e-con e-child\" data-id=\"28bfeed\" data-element_type=\"container\" data-e-type=\"container\">\n\t\t\t\t<div class=\"elementor-element elementor-element-6da55aa elementor-widget elementor-widget-html\" data-id=\"6da55aa\" data-element_type=\"widget\" data-e-type=\"widget\" data-widget_type=\"html.default\">\n\t\t\t\t<div class=\"elementor-widget-container\">\n\t\t\t\t\t<div class=\"custom-image-sobre1\">\n    <svg width=\"400\" height=\"640\" viewBox=\"0 0 400 640\" fill=\"none\" xmlns=\"http:\/\/www.w3.org\/2000\/svg\">\n        <defs>\n        <linearGradient id=\"paint0_linear\" x1=\"0\" y1=\"320\" x2=\"400\" y2=\"320\" gradientUnits=\"userSpaceOnUse\">\n            <stop offset=\"0%\" class=\"svg-gradient-stop-end\" \/>\n            <stop offset=\"100%\" class=\"svg-gradient-stop-start\" \/>\n        <\/linearGradient>\n        <\/defs>\n    \n        <path d=\"M0 320C0 300 90 110 400 0V640C80 530 0 340 0 320Z\" fill=\"url(#paint0_linear)\"\/>\n    \n        <g font-family=\"Arial, sans-serif\" letter-spacing=\"-0.02em\">\n        <text x=\"145\" y=\"225\" fill=\"black\" font-size=\"64\" font-weight=\"400\">Juntos<\/text>\n        <text x=\"145\" y=\"305\" fill=\"black\" font-size=\"64\" font-weight=\"400\">somos<\/text>\n        <text x=\"145\" y=\"385\" fill=\"black\" font-size=\"64\" font-weight=\"400\">mais<\/text>\n        <text x=\"145\" y=\"465\" fill=\"white\" font-size=\"68\" font-weight=\"800\">fortes.<\/text>\n        <\/g>\n    <\/svg>\n<\/div>\n<style>\n    .svg-gradient-stop-start { \n        stop-color: var(--e-global-color-7199e26); \n        \n    }\n    .svg-gradient-stop-end { \n        stop-color: var(--e-global-color-81c97a5); \n        \n    }\n<\/style>\n        \t\t\t\t<\/div>\n\t\t\t\t<\/div>\n\t\t\t\t<\/div>\n\t\t\t\t<\/div>\n\t\t<div class=\"elementor-element elementor-element-f8319c7 e-flex e-con-boxed e-con e-parent\" data-id=\"f8319c7\" data-element_type=\"container\" data-e-type=\"container\" id=\"dd\" data-settings=\"{&quot;background_background&quot;:&quot;gradient&quot;}\">\n\t\t\t\t\t<div class=\"e-con-inner\">\n\t\t<div class=\"elementor-element elementor-element-e96d112 e-con-full e-flex e-con e-child\" data-id=\"e96d112\" data-element_type=\"container\" data-e-type=\"container\">\n\t\t\t\t<div class=\"elementor-element elementor-element-3fa60f6 elementor-widget elementor-widget-heading\" data-id=\"3fa60f6\" data-element_type=\"widget\" data-e-type=\"widget\" data-widget_type=\"heading.default\">\n\t\t\t\t<div class=\"elementor-widget-container\">\n\t\t\t\t\t<h2 class=\"elementor-heading-title elementor-size-default\">Junte-se a N\u00f3s<\/h2>\t\t\t\t<\/div>\n\t\t\t\t<\/div>\n\t\t\t\t<div class=\"elementor-element elementor-element-3dbeaad elementor-widget elementor-widget-text-editor\" data-id=\"3dbeaad\" data-element_type=\"widget\" data-e-type=\"widget\" data-widget_type=\"text-editor.default\">\n\t\t\t\t<div class=\"elementor-widget-container\">\n\t\t\t\t\t\t\t\t\t<p>Convidamos voc\u00ea a se juntar a n\u00f3s nesta jornada rumo a um futuro mais justo, pr\u00f3spero e inclusivo para todos.<\/p>\t\t\t\t\t\t\t\t<\/div>\n\t\t\t\t<\/div>\n\t\t\t\t<div class=\"elementor-element elementor-element-96ce62d elementor-align-left elementor-widget elementor-widget-button\" data-id=\"96ce62d\" data-element_type=\"widget\" data-e-type=\"widget\" data-widget_type=\"button.default\">\n\t\t\t\t<div class=\"elementor-widget-container\">\n\t\t\t\t\t\t\t\t\t<div class=\"elementor-button-wrapper\">\n\t\t\t\t\t<a class=\"elementor-button elementor-button-link elementor-size-sm\" href=\"\/fale-conosco\">\n\t\t\t\t\t\t<span class=\"elementor-button-content-wrapper\">\n\t\t\t\t\t\t\t\t\t<span class=\"elementor-button-text\">Fale conosco<\/span>\n\t\t\t\t\t<\/span>\n\t\t\t\t\t<\/a>\n\t\t\t\t<\/div>\n\t\t\t\t\t\t\t\t<\/div>\n\t\t\t\t<\/div>\n\t\t\t\t<\/div>\n\t\t\t\t<div class=\"elementor-element elementor-element-907b003 elementor-absolute elementor-hidden-tablet elementor-hidden-mobile elementor-widget elementor-widget-image\" data-id=\"907b003\" data-element_type=\"widget\" data-e-type=\"widget\" data-settings=\"{&quot;_position&quot;:&quot;absolute&quot;}\" data-widget_type=\"image.default\">\n\t\t\t\t<div class=\"elementor-widget-container\">\n\t\t\t\t\t\t\t\t\t\t\t\t\t\t\t<img decoding=\"async\" width=\"690\" height=\"546\" src=\"https:\/\/faciapmulher.org.br\/wp-content\/uploads\/2024\/07\/Mask-group-2.png\" class=\"attachment-full size-full wp-image-887\" alt=\"\" srcset=\"https:\/\/faciapmulher.org.br\/wp-content\/uploads\/2024\/07\/Mask-group-2.png 690w, https:\/\/faciapmulher.org.br\/wp-content\/uploads\/2024\/07\/Mask-group-2-300x237.png 300w\" sizes=\"(max-width: 690px) 100vw, 690px\" \/>\t\t\t\t\t\t\t\t\t\t\t\t\t\t\t<\/div>\n\t\t\t\t<\/div>\n\t\t\t\t\t<\/div>\n\t\t\t\t<\/div>\n\t\t<div class=\"elementor-element elementor-element-2a3c879 e-con-full e-flex e-con e-parent\" data-id=\"2a3c879\" data-element_type=\"container\" data-e-type=\"container\" data-settings=\"{&quot;background_background&quot;:&quot;classic&quot;}\">\n\t\t<div class=\"elementor-element elementor-element-4182a7e e-con-full e-flex e-con e-child\" data-id=\"4182a7e\" data-element_type=\"container\" data-e-type=\"container\">\n\t\t\t\t<div class=\"elementor-element elementor-element-68d0d80 elementor-widget__width-inherit elementor-widget elementor-widget-heading\" data-id=\"68d0d80\" data-element_type=\"widget\" data-e-type=\"widget\" data-widget_type=\"heading.default\">\n\t\t\t\t<div class=\"elementor-widget-container\">\n\t\t\t\t\t<h2 class=\"elementor-heading-title elementor-size-default\">Estrutura do sistema<\/h2>\t\t\t\t<\/div>\n\t\t\t\t<\/div>\n\t\t\t\t<\/div>\n\t\t\t\t<\/div>\n\t\t<div class=\"elementor-element elementor-element-ba420c6 e-con-full e-flex e-con e-parent\" data-id=\"ba420c6\" data-element_type=\"container\" data-e-type=\"container\">\n\t\t<div class=\"elementor-element elementor-element-8e4440d e-con-full e-flex e-con e-child\" data-id=\"8e4440d\" data-element_type=\"container\" data-e-type=\"container\">\n\t\t\t\t<div class=\"elementor-element elementor-element-d8813c2 elementor-widget elementor-widget-html\" data-id=\"d8813c2\" data-element_type=\"widget\" data-e-type=\"widget\" data-widget_type=\"html.default\">\n\t\t\t\t<div class=\"elementor-widget-container\">\n\t\t\t\t\t<div class=\"fx-container-body\">\n    <div class=\"fx-container\">\n\n        <!-- CACB -->\n        <div class=\"fx-card fx-card-0\">\n            <div class=\"fx-icon\">\n                <svg xmlns=\"http:\/\/www.w3.org\/2000\/svg\" fill=\"none\" viewBox=\"0 0 24 24\" stroke-width=\"1.5\" stroke=\"currentColor\">\n                    <path stroke-linecap=\"round\" stroke-linejoin=\"round\" d=\"M12 21v-8.25M15.75 21v-8.25M8.25 21v-8.25M3 9l9-6 9 6m-1.5 12V10.332A48.36 48.36 0 0 0 12 9.75c-2.551 0-5.056.2-7.5.582V21M3 21h18M12 6.75h.008v.008H12V6.75Z\" \/>\n                <\/svg>\n            <\/div>\n            <h2>CACB<\/h2>\n            <p>Confedera\u00e7\u00e3o das Associa\u00e7\u00f5es Comerciais e Empresariais do Brasil<\/p>\n        <\/div>\n\n        <div class=\"fx-connector fx-connector-1\">\n            <div class=\"line\"><\/div>\n            <div class=\"arrow\"><\/div>\n        <\/div>\n\n        <!-- FACIAP -->\n        <div class=\"fx-card fx-card-1\">\n            <div class=\"fx-icon\">\n                <svg xmlns=\"http:\/\/www.w3.org\/2000\/svg\" fill=\"none\" viewBox=\"0 0 24 24\" stroke-width=\"1.5\" stroke=\"currentColor\">\n                    <path stroke-linecap=\"round\" stroke-linejoin=\"round\" d=\"M7.5 14.25v2.25m3-4.5v4.5m3-6.75v6.75m3-9v9M6 20.25h12A2.25 2.25 0 0 0 20.25 18V6A2.25 2.25 0 0 0 18 3.75H6A2.25 2.25 0 0 0 3.75 6v12A2.25 2.25 0 0 0 6 20.25Z\" \/>\n                <\/svg>\n            <\/div>\n            <h2>FACIAP<\/h2>\n            <p>Federa\u00e7\u00e3o das Associa\u00e7\u00f5es Comerciais e Empresariais do Paran\u00e1<\/p>\n        <\/div>\n\n        <div class=\"fx-connector fx-connector-2\">\n            <div class=\"line\"><\/div>\n            <div class=\"arrow\"><\/div>\n        <\/div>\n\n        <!-- Coordenadorias -->\n        <div class=\"fx-card fx-card-2\">\n            <div class=\"fx-icon\">\n                <svg xmlns=\"http:\/\/www.w3.org\/2000\/svg\" fill=\"none\" viewBox=\"0 0 24 24\" stroke-width=\"1.5\" stroke=\"currentColor\">\n                    <path stroke-linecap=\"round\" stroke-linejoin=\"round\" d=\"M15 10.5a3 3 0 1 1-6 0 3 3 0 0 1 6 0Z\" \/>\n                    <path stroke-linecap=\"round\" stroke-linejoin=\"round\" d=\"M19.5 10.5c0 7.142-7.5 11.25-7.5 11.25S4.5 17.642 4.5 10.5a7.5 7.5 0 1 1 15 0Z\" \/>\n                <\/svg>\n            <\/div>\n            <h2>COORDENADORIAS REGIONAIS<\/h2>\n            <p>Gest\u00e3o e suporte \u00e0s associa\u00e7\u00f5es em cada regi\u00e3o<\/p>\n        <\/div>\n\n        <div class=\"fx-connector fx-connector-3\">\n            <div class=\"line\"><\/div>\n            <div class=\"arrow\"><\/div>\n        <\/div>\n\n        <!-- Associa\u00e7\u00f5es Comerciais -->\n        <div class=\"fx-card fx-card-3\">\n            <div class=\"fx-icon\">\n                <svg xmlns=\"http:\/\/www.w3.org\/2000\/svg\" fill=\"none\" viewBox=\"0 0 24 24\" stroke-width=\"1.5\" stroke=\"currentColor\">\n                    <path stroke-linecap=\"round\" stroke-linejoin=\"round\" d=\"M15 19.128a9.38 9.38 0 0 0 2.625.372 9.337 9.337 0 0 0 4.121-.952 4.125 4.125 0 0 0-7.533-2.493M15 19.128v-.003c0-1.113-.285-2.16-.786-3.07M15 19.128v.106A12.318 12.318 0 0 1 8.624 21c-2.331 0-4.512-.645-6.374-1.766l-.001-.109a6.375 6.375 0 0 1 11.964-3.07M12 6.375a3.375 3.375 0 1 1-6.75 0 3.375 3.375 0 0 1 6.75 0Zm8.25 2.25a2.625 2.625 0 1 1-5.25 0 2.625 2.625 0 0 1 5.25 0Z\" \/>\n                <\/svg>\n            <\/div>\n            <h2>ASSOCIA\u00c7\u00d5ES COMERCIAIS<\/h2>\n            <p>Representa\u00e7\u00e3o local dos empres\u00e1rios<\/p>\n        <\/div>\n\n        <div class=\"fx-connector fx-connector-4\">\n            <div class=\"line\"><\/div>\n            <div class=\"arrow\"><\/div>\n        <\/div>\n\n        <!-- Empres\u00e1rios -->\n        <div class=\"fx-card fx-card-4\">\n            <div class=\"fx-icon\">\n                <svg xmlns=\"http:\/\/www.w3.org\/2000\/svg\" fill=\"none\" viewBox=\"0 0 24 24\" stroke-width=\"1.5\" stroke=\"currentColor\">\n                    <path stroke-linecap=\"round\" stroke-linejoin=\"round\" d=\"M20.25 14.15v4.25c0 1.094-.787 2.036-1.872 2.18-2.087.277-4.216.42-6.378.42s-4.291-.143-6.378-.42c-1.085-.144-1.872-1.086-1.872-2.18v-4.25m16.5 0a2.18 2.18 0 0 0 .75-1.661V8.706c0-1.081-.768-2.015-1.837-2.175a48.114 48.114 0 0 0-3.413-.387m4.5 8.006c-.194.165-.42.295-.673.38A23.978 23.978 0 0 1 12 15.75c-2.648 0-5.195-.429-7.577-1.22a2.016 2.016 0 0 1-.673-.38m0 0A2.18 2.18 0 0 1 3 12.489V8.706c0-1.081.768-2.015 1.837-2.175a48.111 48.111 0 0 1 3.413-.387m7.5 0V5.25A2.25 2.25 0 0 0 13.5 3h-3a2.25 2.25 0 0 0-2.25 2.25v.894m7.5 0a48.667 48.667 0 0 0-7.5 0M12 12.75h.008v.008H12v-.008Z\" \/>\n                <\/svg>\n            <\/div>\n            <h2>EMPRES\u00c1RIOS<\/h2>\n            <p>Base da estrutura organizacional<\/p>\n        <\/div>\n\n    <\/div>\n<\/div>\n\n    <style>\n    .fx-container-body * { margin: 0; padding: 0; box-sizing: border-box; }\n    \n    .fx-container-body {\n        font-family: 'Sora', sans-serif;\n        background: #ffffff;\n        padding: 30px 15px;\n    }\n\n    .fx-container {\n        max-width: 450px;\n        margin: 0 auto;\n        display: flex;\n        flex-direction: column;\n        align-items: center;\n    }\n\n    .fx-connector {\n        display: flex;\n        flex-direction: column;\n        align-items: center;\n        padding: 4px 0;\n    }\n\n    .fx-connector .line {\n        width: 2px;\n        height: 15px;\n        background: linear-gradient(180deg, var(--e-global-color-7199e26), var(--e-global-color-81c97a5));\n        border-radius: 2px;\n        transform-origin: top;\n        transform: scaleY(0);\n    }\n\n    .fx-connector .arrow {\n        width: 0;\n        height: 0;\n        border-left: 5px solid transparent;\n        border-right: 5px solid transparent;\n        border-top: 8px solid var(--e-global-color-7199e26);\n        opacity: 0;\n        transform: scale(0);\n    }\n\n    .fx-card {\n        background: white;\n        border-radius: 12px;\n        padding: 14px 18px;\n        border: 1.5px solid var(--e-global-color-7199e26);\n        box-shadow: \n            0 4px 6px var(--e-global-color-81c97a5),\n            0 1px 1px var(--e-global-color-02ff82d);\n        text-align: center;\n        position: relative;\n        overflow: hidden;\n        transition: all 0.3s ease;\n        opacity: 0;\n        transform: translateY(10px);\n    }\n\n    \/* Efeito pir\u00e2mide - fx-cards aumentam de tamanho *\/\n    .fx-card-0 { width: 180px; }\n    .fx-card-1 { width: 240px; }\n    .fx-card-2 { width: 300px; }\n    .fx-card-3 { width: 360px; }\n    .fx-card-4 { width: 420px; }\n\n    .fx-card::before {\n        content: '';\n        position: absolute;\n        top: 0;\n        left: 0;\n        right: 0;\n        height: 3px;\n        background: linear-gradient(180deg, var(--e-global-color-7199e26), var(--e-global-color-81c97a5));\n\n    }\n\n    .fx-card:hover {\n        transform: translateY(-2px) scale(1.01);\n        border-color: var(--e-global-color-7199e26);\n        box-shadow: \n            0 5px 7px var(--e-global-color-81c97a5),\n            0 4px 20px var(--e-global-color-02ff82d);\n    }\n\n    .fx-card h2 {\n        font-size: 0.9rem;\n        font-weight: 700;\n        color: var(--e-global-color-7199e26);\n        letter-spacing: 0.5px;\n    }\n\n    .fx-card p {\n        font-size: 0.6rem;\n        color: var(--e-global-color-7199e26);\n        margin-top: 4px;\n        font-weight: 400;\n    }\n\n    .fx-icon {\n        width: 36px;\n        height: 36px;\n        margin: 0 auto 8px;\n        border: solid 1px var(--e-global-color-7199e26);\n        border-radius: 10px;\n        display: flex;\n        align-items: center;\n        justify-content: center;\n    }\n\n    .fx-icon svg {\n        width: 18px;\n        height: 18px;\n        color: var(--e-global-color-7199e26);\n    }\n\n    @keyframes fadeUp {\n        from { opacity: 0; transform: translateY(10px); }\n        to { opacity: 1; transform: translateY(0); }\n    }\n\n    @keyframes drawLine {\n        from { transform: scaleY(0); }\n        to { transform: scaleY(1); }\n    }\n\n    @keyframes popArrow {\n        0% { opacity: 0; transform: scale(0); }\n        50% { transform: scale(1.3); }\n        100% { opacity: 1; transform: scale(1); }\n    }\n\n    .fx-card-0 { animation: fadeUp 0.4s ease-out forwards; animation-delay: 0.2s; }\n    .fx-connector-1 .line { animation: drawLine 0.3s ease-out forwards; animation-delay: 0.6s; }\n    .fx-connector-1 .arrow { animation: popArrow 0.25s ease-out forwards; animation-delay: 0.9s; }\n    .fx-card-1 { animation: fadeUp 0.4s ease-out forwards; animation-delay: 1.05s; }\n    .fx-connector-2 .line { animation: drawLine 0.3s ease-out forwards; animation-delay: 1.4s; }\n    .fx-connector-2 .arrow { animation: popArrow 0.25s ease-out forwards; animation-delay: 1.7s; }\n    .fx-card-2 { animation: fadeUp 0.4s ease-out forwards; animation-delay: 1.85s; }\n    .fx-connector-3 .line { animation: drawLine 0.3s ease-out forwards; animation-delay: 2.2s; }\n    .fx-connector-3 .arrow { animation: popArrow 0.25s ease-out forwards; animation-delay: 2.5s; }\n    .fx-card-3 { animation: fadeUp 0.4s ease-out forwards; animation-delay: 2.65s; }\n    .fx-connector-4 .line { animation: drawLine 0.3s ease-out forwards; animation-delay: 3.0s; }\n    .fx-connector-4 .arrow { animation: popArrow 0.25s ease-out forwards; animation-delay: 3.3s; }\n    .fx-card-4 { animation: fadeUp 0.4s ease-out forwards; animation-delay: 3.45s; }\n\n    @media (max-width: 450px) {\n        .fx-card-0, .fx-card-1, .fx-card-2, .fx-card-3, .fx-card-4 { \n            width: 100%; \n            max-width: 100%;\n        }\n    }\n<\/style>\t\t\t\t<\/div>\n\t\t\t\t<\/div>\n\t\t\t\t<div class=\"elementor-element elementor-element-9ee462a elementor-hidden-desktop elementor-hidden-tablet elementor-hidden-mobile elementor-widget elementor-widget-image\" data-id=\"9ee462a\" data-element_type=\"widget\" data-e-type=\"widget\" data-widget_type=\"image.default\">\n\t\t\t\t<div class=\"elementor-widget-container\">\n\t\t\t\t\t\t\t\t\t\t\t\t\t\t\t<img decoding=\"async\" width=\"800\" height=\"723\" src=\"https:\/\/faciapmulher.org.br\/wp-content\/uploads\/2024\/11\/estrutura-do-sistema-1024x925.png\" class=\"attachment-large size-large wp-image-22321\" alt=\"\" srcset=\"https:\/\/faciapmulher.org.br\/wp-content\/uploads\/2024\/11\/estrutura-do-sistema-1024x925.png 1024w, https:\/\/faciapmulher.org.br\/wp-content\/uploads\/2024\/11\/estrutura-do-sistema-300x271.png 300w, https:\/\/faciapmulher.org.br\/wp-content\/uploads\/2024\/11\/estrutura-do-sistema-768x694.png 768w, https:\/\/faciapmulher.org.br\/wp-content\/uploads\/2024\/11\/estrutura-do-sistema-1536x1388.png 1536w, https:\/\/faciapmulher.org.br\/wp-content\/uploads\/2024\/11\/estrutura-do-sistema-2048x1850.png 2048w\" sizes=\"(max-width: 800px) 100vw, 800px\" \/>\t\t\t\t\t\t\t\t\t\t\t\t\t\t\t<\/div>\n\t\t\t\t<\/div>\n\t\t\t\t<\/div>\n\t\t\t\t<\/div>\n\t\t<div class=\"elementor-element elementor-element-ffee2a1 pa-display-conditions-yes e-flex e-con-boxed e-con e-parent\" data-id=\"ffee2a1\" data-element_type=\"container\" data-e-type=\"container\" id=\"container-sobre-galeria\" data-settings=\"{&quot;background_background&quot;:&quot;gradient&quot;,&quot;pa_display_conditions_switcher&quot;:&quot;yes&quot;}\">\n\t\t\t\t\t<div class=\"e-con-inner\">\n\t\t\t\t\t<\/div>\n\t\t\t\t<\/div>\n\t\t<div class=\"elementor-element elementor-element-1db918f e-flex e-con-boxed e-con e-parent\" data-id=\"1db918f\" data-element_type=\"container\" data-e-type=\"container\">\n\t\t\t\t\t<div class=\"e-con-inner\">\n\t\t\t\t<div class=\"elementor-element elementor-element-b144cf0 elementor-widget elementor-widget-html\" data-id=\"b144cf0\" data-element_type=\"widget\" data-e-type=\"widget\" data-widget_type=\"html.default\">\n\t\t\t\t<div class=\"elementor-widget-container\">\n\t\t\t\t\t<span id=\"dados-acf-verificacao\" style=\"display:none;\">\n    \n<\/span>\n<script>\n    document.addEventListener(\"DOMContentLoaded\", function() {\n    var elementoDados = document.querySelector('#dados-acf-verificacao');\n    var elementoAlvo = document.querySelector('#container-sobre-galeria');\n    if (elementoDados && elementoAlvo) {\n        var valorAcf = elementoDados.innerText.trim();\n        if (valorAcf === '' || valorAcf === '0') {\n            elementoAlvo.style.display = 'none';\n        }\n    }\n});\n<\/script>\n\n\t\t\t\t<\/div>\n\t\t\t\t<\/div>\n\t\t\t\t\t<\/div>\n\t\t\t\t<\/div>\n\t\t\t\t<\/div>\n\t\t","protected":false},"excerpt":{"rendered":"<p>Juntos somos mais fortes. Junte-se a N\u00f3s Convidamos voc\u00ea a se juntar a n\u00f3s nesta jornada rumo a um futuro mais justo, pr\u00f3spero e inclusivo para todos. Fale conosco Estrutura do sistema CACB Confedera\u00e7\u00e3o das Associa\u00e7\u00f5es Comerciais e Empresariais do Brasil FACIAP Federa\u00e7\u00e3o das Associa\u00e7\u00f5es Comerciais e Empresariais do Paran\u00e1 COORDENADORIAS REGIONAIS Gest\u00e3o e suporte [&hellip;]<\/p>\n","protected":false},"author":13,"featured_media":0,"parent":0,"menu_order":0,"comment_status":"closed","ping_status":"closed","template":"elementor_header_footer","meta":{"_acf_changed":false,"_joinchat":[],"footnotes":""},"class_list":["post-21","page","type-page","status-publish","hentry"],"acf":{"link_popup":"","link_imagem-popup":"","nome_do_encarregado":"","e-mail":"","sobre_titulo":"Quem Somos","sobre_descricao":"<p style=\"text-align:justify\"><span style=\"font-size:12pt\"><span style=\"font-family:Arial,sans-serif\"><span style=\"color:#000000\">A <\/span><\/span><\/span><span style=\"font-size:12pt\"><span style=\"font-family:Arial,sans-serif\"><span style=\"color:#000000\"><strong>FACIAP Mulher<\/strong><\/span><\/span><\/span><span style=\"font-size:12pt\"><span style=\"font-family:Arial,sans-serif\"><span style=\"color:#000000\"> &eacute; o bra&ccedil;o estrat&eacute;gico de desenvolvimento, articula&ccedil;&atilde;o e fortalecimento da lideran&ccedil;a feminina dentro do sistema associativista empresarial do Paran&aacute;.<\/span><\/span><\/span><\/p>\r\n\r\n<p style=\"text-align:justify\"><span style=\"font-size:12pt\"><span style=\"font-family:Arial,sans-serif\"><span style=\"color:#000000\">Criada em 21 de outubro de 2005, durante a Conven&ccedil;&atilde;o Anual da FACIAP, inicialmente como Conselho Estadual da Mulher Empres&aacute;ria (CEME), a entidade evoluiu para um modelo mais estruturado e alinhado &agrave;s demandas contempor&acirc;neas, consolidando-se como <\/span><\/span><\/span><span style=\"font-size:12pt\"><span style=\"font-family:Arial,sans-serif\"><span style=\"color:#000000\"><strong>FACIAP Mulher.<\/strong><\/span><\/span><\/span><\/p>\r\n\r\n<p style=\"text-align:justify\"><span style=\"font-size:12pt\"><span style=\"font-family:Arial,sans-serif\"><span style=\"color:#000000\">Essa transi&ccedil;&atilde;o n&atilde;o foi apenas nominal. Representa um avan&ccedil;o estrat&eacute;gico na forma como o empreendedorismo feminino &eacute; organizado, representado e desenvolvido dentro do associativismo.<\/span><\/span><\/span><\/p>\r\n\r\n<p style=\"text-align:justify\">&nbsp;<\/p>\r\n\r\n<hr \/>\r\n<p style=\"text-align:justify\"><span style=\"font-size:12pt\"><span style=\"font-family:Arial,sans-serif\"><span style=\"color:#000000\"><strong>O que nos diferencia<\/strong><\/span><\/span><\/span><\/p>\r\n\r\n<p style=\"text-align:justify\"><span style=\"font-size:12pt\"><span style=\"font-family:Arial,sans-serif\"><span style=\"color:#000000\">A maioria das iniciativas voltadas &agrave;s mulheres atua em inspira&ccedil;&atilde;o.<\/span><\/span><\/span><br \/>\r\n<span style=\"font-size:12pt\"><span style=\"font-family:Arial,sans-serif\"><span style=\"color:#000000\">A FACIAP Mulher atua em <\/span><\/span><\/span><span style=\"font-size:12pt\"><span style=\"font-family:Arial,sans-serif\"><span style=\"color:#000000\"><strong>estrutura, gest&atilde;o e gera&ccedil;&atilde;o de resultado<\/strong><\/span><\/span><\/span><span style=\"font-size:12pt\"><span style=\"font-family:Arial,sans-serif\"><span style=\"color:#000000\">.<\/span><\/span><\/span><\/p>\r\n\r\n<p style=\"text-align:justify\"><span style=\"font-size:12pt\"><span style=\"font-family:Arial,sans-serif\"><span style=\"color:#000000\">Nosso papel n&atilde;o &eacute; apenas incentivar. &Eacute; <\/span><\/span><\/span><span style=\"font-size:12pt\"><span style=\"font-family:Arial,sans-serif\"><span style=\"color:#000000\"><strong>organizar, capacitar e escalar<\/strong><\/span><\/span><\/span><span style=\"font-size:12pt\"><span style=\"font-family:Arial,sans-serif\"><span style=\"color:#000000\">.<\/span><\/span><\/span><\/p>\r\n\r\n<p style=\"text-align:justify\"><span style=\"font-size:12pt\"><span style=\"font-family:Arial,sans-serif\"><span style=\"color:#000000\">Atuamos de forma integrada com associa&ccedil;&otilde;es comerciais em todo o estado, estruturando conselhos e n&uacute;cleos que fortalecem a presen&ccedil;a feminina nos neg&oacute;cios, nas decis&otilde;es e na economia local.<\/span><\/span><\/span><\/p>\r\n\r\n<p style=\"text-align:justify\"><span style=\"font-size:12pt\"><span style=\"font-family:Arial,sans-serif\"><span style=\"color:#000000\">Hoje, somos uma das maiores redes organizadas de mulheres empres&aacute;rias do Brasil dentro do sistema associativista, com presen&ccedil;a ativa em diversas regi&otilde;es do Paran&aacute;.<\/span><\/span><\/span><\/p>\r\n\r\n<p style=\"text-align:justify\">&nbsp;<\/p>\r\n\r\n<hr \/>\r\n<p style=\"text-align:justify\"><span style=\"font-size:12pt\"><span style=\"font-family:Arial,sans-serif\"><span style=\"color:#000000\"><strong>Nossa hist&oacute;ria &eacute; coletiva<\/strong><\/span><\/span><\/span><\/p>\r\n\r\n<p style=\"text-align:justify\"><span style=\"font-size:12pt\"><span style=\"font-family:Arial,sans-serif\"><span style=\"color:#000000\">A constru&ccedil;&atilde;o da FACIAP Mulher &eacute; resultado do trabalho de mulheres que entenderam, na pr&aacute;tica, a necessidade de organiza&ccedil;&atilde;o e representatividade.<\/span><\/span><\/span><\/p>\r\n\r\n<p style=\"text-align:justify\"><span style=\"font-size:12pt\"><span style=\"font-family:Arial,sans-serif\"><span style=\"color:#000000\">Ao longo dos anos, lideran&ccedil;as femininas em diferentes cidades estruturaram conselhos locais, criando uma base s&oacute;lida que exigiu uma coordena&ccedil;&atilde;o estadual e articula&ccedil;&atilde;o mais estrat&eacute;gica.<\/span><\/span><\/span><\/p>\r\n\r\n<p style=\"text-align:justify\"><span style=\"font-size:12pt\"><span style=\"font-family:Arial,sans-serif\"><span style=\"color:#000000\">Esse movimento consolidou a FACIAP Mulher como uma for&ccedil;a institucional relevante dentro do associativismo e da sociedade civil organizada.<\/span><\/span><\/span><\/p>\r\n\r\n<p style=\"text-align:justify\"><span style=\"font-size:12pt\"><span style=\"font-family:Arial,sans-serif\"><span style=\"color:#000000\"><strong>Nosso posicionamento<\/strong><\/span><\/span><\/span><\/p>\r\n\r\n<p style=\"text-align:justify\"><span style=\"font-size:12pt\"><span style=\"font-family:Arial,sans-serif\"><span style=\"color:#000000\">A FACIAP Mulher acredita que o protagonismo feminino n&atilde;o se sustenta apenas em discurso.<\/span><\/span><\/span><\/p>\r\n\r\n<p style=\"text-align:justify\"><span style=\"font-size:12pt\"><span style=\"font-family:Arial,sans-serif\"><span style=\"color:#000000\">Ele exige:<\/span><\/span><\/span><\/p>\r\n\r\n<ul>\r\n\t<li style=\"list-style-type:disc\"><span style=\"font-size:11pt\"><span style=\"font-family:Arial,sans-serif\"><span style=\"color:#000000\">acesso &agrave; informa&ccedil;&atilde;o<\/span><\/span><\/span><\/li>\r\n\t<li style=\"list-style-type:disc\"><span style=\"font-size:11pt\"><span style=\"font-family:Arial,sans-serif\"><span style=\"color:#000000\">desenvolvimento cont&iacute;nuo<\/span><\/span><\/span><\/li>\r\n\t<li style=\"list-style-type:disc\"><span style=\"font-size:11pt\"><span style=\"font-family:Arial,sans-serif\"><span style=\"color:#000000\">estrutura organizacional<\/span><\/span><\/span><\/li>\r\n\t<li style=\"list-style-type:disc\"><span style=\"font-size:11pt\"><span style=\"font-family:Arial,sans-serif\"><span style=\"color:#000000\">espa&ccedil;o real de decis&atilde;o<\/span><\/span><\/span><\/li>\r\n<\/ul>\r\n\r\n<p style=\"text-align:justify\"><span style=\"font-size:12pt\"><span style=\"font-family:Arial,sans-serif\"><span style=\"color:#000000\">Por isso, atuamos para que mulheres empres&aacute;rias n&atilde;o apenas participem, mas <\/span><\/span><\/span><span style=\"font-size:12pt\"><span style=\"font-family:Arial,sans-serif\"><span style=\"color:#000000\"><strong>liderem, influenciem e gerem impacto econ&ocirc;mico e social consistente<\/strong><\/span><\/span><\/span><span style=\"font-size:12pt\"><span style=\"font-family:Arial,sans-serif\"><span style=\"color:#000000\">.<\/span><\/span><\/span><\/p>\r\n\r\n<p style=\"text-align:justify\"><span style=\"font-size:12pt\"><span style=\"font-family:Arial,sans-serif\"><span style=\"color:#000000\"><strong>E voc&ecirc;, j&aacute; faz parte deste legado?<\/strong><\/span><\/span><\/span><\/p>\r\n\r\n<p style=\"text-align:justify\"><span style=\"font-size:12pt\"><span style=\"font-family:Arial,sans-serif\"><span style=\"color:#000000\"><strong>N&oacute;s Somos a For&ccedil;a Feminina no Associativismo, Somos FACIAP Mulher.<\/strong><\/span><\/span><\/span><\/p>","data_inicio":"","data_final":"","sobre_galeria":[]},"yoast_head":"<!-- This site is optimized with the Yoast SEO plugin v27.4 - https:\/\/yoast.com\/product\/yoast-seo-wordpress\/ -->\n<title>Quem somos - FACIAP Mulher<\/title>\n<meta name=\"robots\" content=\"index, follow, max-snippet:-1, max-image-preview:large, max-video-preview:-1\" \/>\n<link rel=\"canonical\" href=\"https:\/\/faciapmulher.org.br\/?page_id=21\" \/>\n<meta property=\"og:locale\" content=\"pt_BR\" \/>\n<meta property=\"og:type\" content=\"article\" \/>\n<meta property=\"og:title\" content=\"Quem somos - FACIAP Mulher\" \/>\n<meta property=\"og:description\" content=\"Juntos somos mais fortes. Junte-se a N\u00f3s Convidamos voc\u00ea a se juntar a n\u00f3s nesta jornada rumo a um futuro mais justo, pr\u00f3spero e inclusivo para todos. Fale conosco Estrutura do sistema CACB Confedera\u00e7\u00e3o das Associa\u00e7\u00f5es Comerciais e Empresariais do Brasil FACIAP Federa\u00e7\u00e3o das Associa\u00e7\u00f5es Comerciais e Empresariais do Paran\u00e1 COORDENADORIAS REGIONAIS Gest\u00e3o e suporte [&hellip;]\" \/>\n<meta property=\"og:url\" content=\"https:\/\/faciapmulher.org.br\/?page_id=21\" \/>\n<meta property=\"og:site_name\" content=\"FACIAP Mulher\" \/>\n<meta property=\"article:modified_time\" content=\"2026-04-09T19:32:54+00:00\" \/>\n<meta property=\"og:image\" content=\"https:\/\/faciapmulher.org.br\/wp-content\/uploads\/2025\/01\/top-banner-quem-somos-1.png\" \/>\n<meta name=\"twitter:card\" content=\"summary_large_image\" \/>\n<meta name=\"twitter:label1\" content=\"Est. tempo de leitura\" \/>\n\t<meta name=\"twitter:data1\" content=\"2 minutos\" \/>\n<script type=\"application\/ld+json\" class=\"yoast-schema-graph\">{\"@context\":\"https:\\\/\\\/schema.org\",\"@graph\":[{\"@type\":\"WebPage\",\"@id\":\"https:\\\/\\\/faciapmulher.org.br\\\/?page_id=21\",\"url\":\"https:\\\/\\\/faciapmulher.org.br\\\/?page_id=21\",\"name\":\"Quem somos - FACIAP Mulher\",\"isPartOf\":{\"@id\":\"https:\\\/\\\/faciapmulher.org.br\\\/#website\"},\"primaryImageOfPage\":{\"@id\":\"https:\\\/\\\/faciapmulher.org.br\\\/?page_id=21#primaryimage\"},\"image\":{\"@id\":\"https:\\\/\\\/faciapmulher.org.br\\\/?page_id=21#primaryimage\"},\"thumbnailUrl\":\"https:\\\/\\\/faciapmulher.org.br\\\/wp-content\\\/uploads\\\/2025\\\/01\\\/top-banner-quem-somos-1.png\",\"datePublished\":\"2024-07-04T22:01:10+00:00\",\"dateModified\":\"2026-04-09T19:32:54+00:00\",\"breadcrumb\":{\"@id\":\"https:\\\/\\\/faciapmulher.org.br\\\/?page_id=21#breadcrumb\"},\"inLanguage\":\"pt-BR\",\"potentialAction\":[{\"@type\":\"ReadAction\",\"target\":[\"https:\\\/\\\/faciapmulher.org.br\\\/?page_id=21\"]}]},{\"@type\":\"ImageObject\",\"inLanguage\":\"pt-BR\",\"@id\":\"https:\\\/\\\/faciapmulher.org.br\\\/?page_id=21#primaryimage\",\"url\":\"https:\\\/\\\/faciapmulher.org.br\\\/wp-content\\\/uploads\\\/2025\\\/01\\\/top-banner-quem-somos-1.png\",\"contentUrl\":\"https:\\\/\\\/faciapmulher.org.br\\\/wp-content\\\/uploads\\\/2025\\\/01\\\/top-banner-quem-somos-1.png\",\"width\":1440,\"height\":548},{\"@type\":\"BreadcrumbList\",\"@id\":\"https:\\\/\\\/faciapmulher.org.br\\\/?page_id=21#breadcrumb\",\"itemListElement\":[{\"@type\":\"ListItem\",\"position\":1,\"name\":\"In\u00edcio\",\"item\":\"https:\\\/\\\/faciapmulher.org.br\\\/\"},{\"@type\":\"ListItem\",\"position\":2,\"name\":\"Quem somos\"}]},{\"@type\":\"WebSite\",\"@id\":\"https:\\\/\\\/faciapmulher.org.br\\\/#website\",\"url\":\"https:\\\/\\\/faciapmulher.org.br\\\/\",\"name\":\"FACIAP Mulher\",\"description\":\"\",\"publisher\":{\"@id\":\"https:\\\/\\\/faciapmulher.org.br\\\/#organization\"},\"potentialAction\":[{\"@type\":\"SearchAction\",\"target\":{\"@type\":\"EntryPoint\",\"urlTemplate\":\"https:\\\/\\\/faciapmulher.org.br\\\/?s={search_term_string}\"},\"query-input\":{\"@type\":\"PropertyValueSpecification\",\"valueRequired\":true,\"valueName\":\"search_term_string\"}}],\"inLanguage\":\"pt-BR\"},{\"@type\":\"Organization\",\"@id\":\"https:\\\/\\\/faciapmulher.org.br\\\/#organization\",\"name\":\"FACIAP Mulher\",\"url\":\"https:\\\/\\\/faciapmulher.org.br\\\/\",\"logo\":{\"@type\":\"ImageObject\",\"inLanguage\":\"pt-BR\",\"@id\":\"https:\\\/\\\/faciapmulher.org.br\\\/#\\\/schema\\\/logo\\\/image\\\/\",\"url\":\"https:\\\/\\\/faciapmulher.org.br\\\/wp-content\\\/uploads\\\/2024\\\/07\\\/caciopar_logo.jpg\",\"contentUrl\":\"https:\\\/\\\/faciapmulher.org.br\\\/wp-content\\\/uploads\\\/2024\\\/07\\\/caciopar_logo.jpg\",\"width\":1024,\"height\":236,\"caption\":\"FACIAP Mulher\"},\"image\":{\"@id\":\"https:\\\/\\\/faciapmulher.org.br\\\/#\\\/schema\\\/logo\\\/image\\\/\"}}]}<\/script>\n<!-- \/ Yoast SEO plugin. -->","yoast_head_json":{"title":"Quem somos - FACIAP Mulher","robots":{"index":"index","follow":"follow","max-snippet":"max-snippet:-1","max-image-preview":"max-image-preview:large","max-video-preview":"max-video-preview:-1"},"canonical":"https:\/\/faciapmulher.org.br\/?page_id=21","og_locale":"pt_BR","og_type":"article","og_title":"Quem somos - FACIAP Mulher","og_description":"Juntos somos mais fortes. Junte-se a N\u00f3s Convidamos voc\u00ea a se juntar a n\u00f3s nesta jornada rumo a um futuro mais justo, pr\u00f3spero e inclusivo para todos. Fale conosco Estrutura do sistema CACB Confedera\u00e7\u00e3o das Associa\u00e7\u00f5es Comerciais e Empresariais do Brasil FACIAP Federa\u00e7\u00e3o das Associa\u00e7\u00f5es Comerciais e Empresariais do Paran\u00e1 COORDENADORIAS REGIONAIS Gest\u00e3o e suporte [&hellip;]","og_url":"https:\/\/faciapmulher.org.br\/?page_id=21","og_site_name":"FACIAP Mulher","article_modified_time":"2026-04-09T19:32:54+00:00","og_image":[{"url":"https:\/\/faciapmulher.org.br\/wp-content\/uploads\/2025\/01\/top-banner-quem-somos-1.png","type":"","width":"","height":""}],"twitter_card":"summary_large_image","twitter_misc":{"Est. tempo de leitura":"2 minutos"},"schema":{"@context":"https:\/\/schema.org","@graph":[{"@type":"WebPage","@id":"https:\/\/faciapmulher.org.br\/?page_id=21","url":"https:\/\/faciapmulher.org.br\/?page_id=21","name":"Quem somos - FACIAP Mulher","isPartOf":{"@id":"https:\/\/faciapmulher.org.br\/#website"},"primaryImageOfPage":{"@id":"https:\/\/faciapmulher.org.br\/?page_id=21#primaryimage"},"image":{"@id":"https:\/\/faciapmulher.org.br\/?page_id=21#primaryimage"},"thumbnailUrl":"https:\/\/faciapmulher.org.br\/wp-content\/uploads\/2025\/01\/top-banner-quem-somos-1.png","datePublished":"2024-07-04T22:01:10+00:00","dateModified":"2026-04-09T19:32:54+00:00","breadcrumb":{"@id":"https:\/\/faciapmulher.org.br\/?page_id=21#breadcrumb"},"inLanguage":"pt-BR","potentialAction":[{"@type":"ReadAction","target":["https:\/\/faciapmulher.org.br\/?page_id=21"]}]},{"@type":"ImageObject","inLanguage":"pt-BR","@id":"https:\/\/faciapmulher.org.br\/?page_id=21#primaryimage","url":"https:\/\/faciapmulher.org.br\/wp-content\/uploads\/2025\/01\/top-banner-quem-somos-1.png","contentUrl":"https:\/\/faciapmulher.org.br\/wp-content\/uploads\/2025\/01\/top-banner-quem-somos-1.png","width":1440,"height":548},{"@type":"BreadcrumbList","@id":"https:\/\/faciapmulher.org.br\/?page_id=21#breadcrumb","itemListElement":[{"@type":"ListItem","position":1,"name":"In\u00edcio","item":"https:\/\/faciapmulher.org.br\/"},{"@type":"ListItem","position":2,"name":"Quem somos"}]},{"@type":"WebSite","@id":"https:\/\/faciapmulher.org.br\/#website","url":"https:\/\/faciapmulher.org.br\/","name":"FACIAP Mulher","description":"","publisher":{"@id":"https:\/\/faciapmulher.org.br\/#organization"},"potentialAction":[{"@type":"SearchAction","target":{"@type":"EntryPoint","urlTemplate":"https:\/\/faciapmulher.org.br\/?s={search_term_string}"},"query-input":{"@type":"PropertyValueSpecification","valueRequired":true,"valueName":"search_term_string"}}],"inLanguage":"pt-BR"},{"@type":"Organization","@id":"https:\/\/faciapmulher.org.br\/#organization","name":"FACIAP Mulher","url":"https:\/\/faciapmulher.org.br\/","logo":{"@type":"ImageObject","inLanguage":"pt-BR","@id":"https:\/\/faciapmulher.org.br\/#\/schema\/logo\/image\/","url":"https:\/\/faciapmulher.org.br\/wp-content\/uploads\/2024\/07\/caciopar_logo.jpg","contentUrl":"https:\/\/faciapmulher.org.br\/wp-content\/uploads\/2024\/07\/caciopar_logo.jpg","width":1024,"height":236,"caption":"FACIAP Mulher"},"image":{"@id":"https:\/\/faciapmulher.org.br\/#\/schema\/logo\/image\/"}}]}},"_links":{"self":[{"href":"https:\/\/faciapmulher.org.br\/index.php?rest_route=\/wp\/v2\/pages\/21","targetHints":{"allow":["GET"]}}],"collection":[{"href":"https:\/\/faciapmulher.org.br\/index.php?rest_route=\/wp\/v2\/pages"}],"about":[{"href":"https:\/\/faciapmulher.org.br\/index.php?rest_route=\/wp\/v2\/types\/page"}],"author":[{"embeddable":true,"href":"https:\/\/faciapmulher.org.br\/index.php?rest_route=\/wp\/v2\/users\/13"}],"replies":[{"embeddable":true,"href":"https:\/\/faciapmulher.org.br\/index.php?rest_route=%2Fwp%2Fv2%2Fcomments&post=21"}],"version-history":[{"count":423,"href":"https:\/\/faciapmulher.org.br\/index.php?rest_route=\/wp\/v2\/pages\/21\/revisions"}],"predecessor-version":[{"id":147952,"href":"https:\/\/faciapmulher.org.br\/index.php?rest_route=\/wp\/v2\/pages\/21\/revisions\/147952"}],"wp:attachment":[{"href":"https:\/\/faciapmulher.org.br\/index.php?rest_route=%2Fwp%2Fv2%2Fmedia&parent=21"}],"curies":[{"name":"wp","href":"https:\/\/api.w.org\/{rel}","templated":true}]}}